{"id":4015,"date":"2024-04-17T13:31:43","date_gmt":"2024-04-17T12:31:43","guid":{"rendered":"https:\/\/www.politicalecology-ljubljana.si\/?page_id=4015"},"modified":"2024-07-03T13:09:15","modified_gmt":"2024-07-03T12:09:15","slug":"program-2024","status":"publish","type":"page","link":"https:\/\/www.politicalecology-ljubljana.si\/en\/program-2024\/","title":{"rendered":"Program 2024"},"content":{"rendered":"<div data-elementor-type=\"wp-page\" data-elementor-id=\"4015\" class=\"elementor elementor-4015\" data-elementor-settings=\"[]\">\n\t\t\t\t\t\t\t<div class=\"elementor-section-wrap\">\n\t\t\t\t\t\t\t<section class=\"elementor-section elementor-top-section elementor-element elementor-element-ebc6f32 elementor-section-boxed elementor-section-height-default elementor-section-height-default\" data-id=\"ebc6f32\" data-element_type=\"section\">\n\t\t\t\t\t\t\t<div class=\"elementor-background-overlay\"><\/div>\n\t\t\t\t\t\t\t<div class=\"elementor-container elementor-column-gap-default\">\n\t\t\t\t\t<div class=\"elementor-column elementor-col-100 elementor-top-column elementor-element elementor-element-0bbe3a9\" data-id=\"0bbe3a9\" data-element_type=\"column\">\n\t\t\t<div class=\"elementor-widget-wrap elementor-element-populated\">\n\t\t\t\t\t\t\t\t<div class=\"elementor-element elementor-element-37a0d89 elementor-widget elementor-widget-spacer\" data-id=\"37a0d89\" data-element_type=\"widget\" data-widget_type=\"spacer.default\">\n\t\t\t\t<div class=\"elementor-widget-container\">\n\t\t\t\t\t<div class=\"elementor-spacer\">\n\t\t\t<div class=\"elementor-spacer-inner\"><\/div>\n\t\t<\/div>\n\t\t\t\t<\/div>\n\t\t\t\t<\/div>\n\t\t\t\t\t<\/div>\n\t\t<\/div>\n\t\t\t\t\t\t\t<\/div>\n\t\t<\/section>\n\t\t\t\t<section class=\"elementor-section elementor-top-section elementor-element elementor-element-40c6e99 elementor-section-boxed elementor-section-height-default elementor-section-height-default\" data-id=\"40c6e99\" data-element_type=\"section\">\n\t\t\t\t\t\t\t<div class=\"elementor-background-overlay\"><\/div>\n\t\t\t\t\t\t\t<div class=\"elementor-container elementor-column-gap-default\">\n\t\t\t\t\t<div class=\"elementor-column elementor-col-100 elementor-top-column elementor-element elementor-element-619361d\" data-id=\"619361d\" data-element_type=\"column\">\n\t\t\t<div class=\"elementor-widget-wrap elementor-element-populated\">\n\t\t\t\t\t\t\t\t<div class=\"elementor-element elementor-element-52d6bb4 elementor-widget elementor-widget-heading\" data-id=\"52d6bb4\" data-element_type=\"widget\" data-widget_type=\"heading.default\">\n\t\t\t\t<div class=\"elementor-widget-container\">\n\t\t\t<h2 class=\"elementor-heading-title elementor-size-xl\">THE PUBLIC, THE PRIVATE AND THE COMMONS: CHALLENGES OF A JUST GREEN TRANSITION<\/h2>\t\t<\/div>\n\t\t\t\t<\/div>\n\t\t\t\t\t<\/div>\n\t\t<\/div>\n\t\t\t\t\t\t\t<\/div>\n\t\t<\/section>\n\t\t\t\t<section class=\"elementor-section elementor-top-section elementor-element elementor-element-02d9b59 elementor-section-boxed elementor-section-height-default elementor-section-height-default\" data-id=\"02d9b59\" data-element_type=\"section\" data-settings=\"{&quot;background_background&quot;:&quot;classic&quot;}\">\n\t\t\t\t\t\t\t<div class=\"elementor-background-overlay\"><\/div>\n\t\t\t\t\t\t\t<div class=\"elementor-container elementor-column-gap-default\">\n\t\t\t\t\t<div class=\"elementor-column elementor-col-50 elementor-top-column elementor-element elementor-element-9713efa\" data-id=\"9713efa\" data-element_type=\"column\" data-settings=\"{&quot;background_background&quot;:&quot;classic&quot;}\">\n\t\t\t<div class=\"elementor-widget-wrap elementor-element-populated\">\n\t\t\t\t\t\t\t\t<div class=\"elementor-element elementor-element-55ffdaec elementor-widget elementor-widget-heading\" data-id=\"55ffdaec\" data-element_type=\"widget\" data-widget_type=\"heading.default\">\n\t\t\t\t<div class=\"elementor-widget-container\">\n\t\t\t<h2 class=\"elementor-heading-title elementor-size-default\">Monday 1.7.<\/h2>\t\t<\/div>\n\t\t\t\t<\/div>\n\t\t\t\t<div class=\"elementor-element elementor-element-87683c8 elementor-widget elementor-widget-heading\" data-id=\"87683c8\" data-element_type=\"widget\" data-widget_type=\"heading.default\">\n\t\t\t\t<div class=\"elementor-widget-container\">\n\t\t\t<h2 class=\"elementor-heading-title elementor-size-default\">VIEWPOINTS<\/h2>\t\t<\/div>\n\t\t\t\t<\/div>\n\t\t\t\t<div class=\"elementor-element elementor-element-ea8cc42 elementor-widget elementor-widget-heading\" data-id=\"ea8cc42\" data-element_type=\"widget\" data-widget_type=\"heading.default\">\n\t\t\t\t<div class=\"elementor-widget-container\">\n\t\t\t<h2 class=\"elementor-heading-title elementor-size-medium\">8:00 - 9:00 Registration<\/h2>\t\t<\/div>\n\t\t\t\t<\/div>\n\t\t\t\t<div class=\"elementor-element elementor-element-f46f1e4 elementor-widget elementor-widget-heading\" data-id=\"f46f1e4\" data-element_type=\"widget\" data-widget_type=\"heading.default\">\n\t\t\t\t<div class=\"elementor-widget-container\">\n\t\t\t<h2 class=\"elementor-heading-title elementor-size-medium\">9:00 - 9:30 Opening address<\/h2>\t\t<\/div>\n\t\t\t\t<\/div>\n\t\t\t\t<div class=\"elementor-element elementor-element-5eea9b1 elementor-widget elementor-widget-toggle\" data-id=\"5eea9b1\" data-element_type=\"widget\" data-widget_type=\"toggle.default\">\n\t\t\t\t<div class=\"elementor-widget-container\">\n\t\t\t\t\t<div class=\"elementor-toggle\" role=\"tablist\">\n\t\t\t\t\t\t\t<div class=\"elementor-toggle-item\">\n\t\t\t\t\t<div id=\"elementor-tab-title-9951\" class=\"elementor-tab-title\" data-tab=\"1\" role=\"tab\" aria-controls=\"elementor-tab-content-9951\" aria-expanded=\"false\">\n\t\t\t\t\t\t\t\t\t\t\t\t<span class=\"elementor-toggle-icon elementor-toggle-icon-left\" aria-hidden=\"true\">\n\t\t\t\t\t\t\t\t\t\t\t\t\t\t\t<span class=\"elementor-toggle-icon-closed\"><i class=\"fas fa-plus\"><\/i><\/span>\n\t\t\t\t\t\t\t\t<span class=\"elementor-toggle-icon-opened\"><i class=\"elementor-toggle-icon-opened fas fa-minus\"><\/i><\/span>\n\t\t\t\t\t\t\t\t\t\t\t\t\t<\/span>\n\t\t\t\t\t\t\t\t\t\t\t\t<a href=\"\" class=\"elementor-toggle-title\">9:30 - 11:00 Lecture: Gareth Dale<\/a>\n\t\t\t\t\t<\/div>\n\n\t\t\t\t\t<div id=\"elementor-tab-content-9951\" class=\"elementor-tab-content elementor-clearfix\" data-tab=\"1\" role=\"tabpanel\" aria-labelledby=\"elementor-tab-title-9951\"><p><strong>What is the green transition, why's it so slow, who\u2019s behind the backlash, and what on earth to do?<\/strong><\/p><p>The lecture commences with a critical overview of mainstream accounts of the green transition: pluralist and technocratic stories of governments, businesses and individuals altering policies and practices that propel human society toward the goal of \u2018net zero\u2019 greenhouse gas emissions and environmental ameliorations. It next considers explanations of why the transition is proceeding so sluggishly (climate change as a \u2018wicked problem', \u2018collective action problems\u2019 encountered in mitigating it, and so on). Through a critique of such accounts I delineate an alternative, one that foregrounds systemic relations of power. As case studies I look at the economic growth compulsion, and the fetishism of technology. From this vantage point I look at the question of anti-environmental backlashes from a new direction. In the concluding section I turn to questions of strategy, including degrowth and the Green New Deal.<\/p><\/div>\n\t\t\t\t<\/div>\n\t\t\t\t\t\t\t\t<\/div>\n\t\t\t\t<\/div>\n\t\t\t\t<\/div>\n\t\t\t\t<div class=\"elementor-element elementor-element-5709e82 elementor-widget elementor-widget-heading\" data-id=\"5709e82\" data-element_type=\"widget\" data-widget_type=\"heading.default\">\n\t\t\t\t<div class=\"elementor-widget-container\">\n\t\t\t<h2 class=\"elementor-heading-title elementor-size-medium\">11:00 - 11:30 Coffee break<\/h2>\t\t<\/div>\n\t\t\t\t<\/div>\n\t\t\t\t<div class=\"elementor-element elementor-element-ee00eea elementor-widget elementor-widget-toggle\" data-id=\"ee00eea\" data-element_type=\"widget\" data-widget_type=\"toggle.default\">\n\t\t\t\t<div class=\"elementor-widget-container\">\n\t\t\t\t\t<div class=\"elementor-toggle\" role=\"tablist\">\n\t\t\t\t\t\t\t<div class=\"elementor-toggle-item\">\n\t\t\t\t\t<div id=\"elementor-tab-title-2491\" class=\"elementor-tab-title\" data-tab=\"1\" role=\"tab\" aria-controls=\"elementor-tab-content-2491\" aria-expanded=\"false\">\n\t\t\t\t\t\t\t\t\t\t\t\t<span class=\"elementor-toggle-icon elementor-toggle-icon-left\" aria-hidden=\"true\">\n\t\t\t\t\t\t\t\t\t\t\t\t\t\t\t<span class=\"elementor-toggle-icon-closed\"><i class=\"fas fa-plus\"><\/i><\/span>\n\t\t\t\t\t\t\t\t<span class=\"elementor-toggle-icon-opened\"><i class=\"elementor-toggle-icon-opened fas fa-minus\"><\/i><\/span>\n\t\t\t\t\t\t\t\t\t\t\t\t\t<\/span>\n\t\t\t\t\t\t\t\t\t\t\t\t<a href=\"\" class=\"elementor-toggle-title\">11:30 - 13:00 Lecture: Maura Benegiamo<\/a>\n\t\t\t\t\t<\/div>\n\n\t\t\t\t\t<div id=\"elementor-tab-content-2491\" class=\"elementor-tab-content elementor-clearfix\" data-tab=\"1\" role=\"tabpanel\" aria-labelledby=\"elementor-tab-title-2491\"><p><strong>Just green transition and the politic of value: perspectives from the agrarian context<\/strong><\/p><p>The agrarian sector plays a central role in the context of the global ecological crisis and \u200egreen transition strategies. It is also a strategic terrain for the recomposition of capital-nature relationships. In this lecture, I present my research on three conflicting domains \u200eof green transition policies concerning agriculture: agrofuel politics and land grabbing; techno-scientific innovations and agro-ecological resistance; the role of labour in \u200ethe digital agriculture paradigm. In commenting on them, I will discuss the peculiar value politics that these processes entail, underlying the extractive and speculative character \u200eof green capitalism, as well as the alternative and conflicting rationalities and alliances that \u200econfront it, and their role in the construction of a just green transition for all.<\/p><\/div>\n\t\t\t\t<\/div>\n\t\t\t\t\t\t\t\t<\/div>\n\t\t\t\t<\/div>\n\t\t\t\t<\/div>\n\t\t\t\t<div class=\"elementor-element elementor-element-1c59371 elementor-widget elementor-widget-heading\" data-id=\"1c59371\" data-element_type=\"widget\" data-widget_type=\"heading.default\">\n\t\t\t\t<div class=\"elementor-widget-container\">\n\t\t\t<h2 class=\"elementor-heading-title elementor-size-medium\">13:00 \u2013 14:00 Lunch<\/h2>\t\t<\/div>\n\t\t\t\t<\/div>\n\t\t\t\t<div class=\"elementor-element elementor-element-ed588dd elementor-widget elementor-widget-toggle\" data-id=\"ed588dd\" data-element_type=\"widget\" data-widget_type=\"toggle.default\">\n\t\t\t\t<div class=\"elementor-widget-container\">\n\t\t\t\t\t<div class=\"elementor-toggle\" role=\"tablist\">\n\t\t\t\t\t\t\t<div class=\"elementor-toggle-item\">\n\t\t\t\t\t<div id=\"elementor-tab-title-2481\" class=\"elementor-tab-title\" data-tab=\"1\" role=\"tab\" aria-controls=\"elementor-tab-content-2481\" aria-expanded=\"false\">\n\t\t\t\t\t\t\t\t\t\t\t\t<span class=\"elementor-toggle-icon elementor-toggle-icon-left\" aria-hidden=\"true\">\n\t\t\t\t\t\t\t\t\t\t\t\t\t\t\t<span class=\"elementor-toggle-icon-closed\"><i class=\"fas fa-plus\"><\/i><\/span>\n\t\t\t\t\t\t\t\t<span class=\"elementor-toggle-icon-opened\"><i class=\"elementor-toggle-icon-opened fas fa-minus\"><\/i><\/span>\n\t\t\t\t\t\t\t\t\t\t\t\t\t<\/span>\n\t\t\t\t\t\t\t\t\t\t\t\t<a href=\"\" class=\"elementor-toggle-title\">14:00 - 15:30 Lecture: Kai Heron<\/a>\n\t\t\t\t\t<\/div>\n\n\t\t\t\t\t<div id=\"elementor-tab-content-2481\" class=\"elementor-tab-content elementor-clearfix\" data-tab=\"1\" role=\"tabpanel\" aria-labelledby=\"elementor-tab-title-2481\"><p><strong>From Bullshit Abundance to Radical Abundance: Theorising Eco-Socialist Transition With Public-Common Partnerships<\/strong><\/p><p>We live in a world of bullshit abundance. A world where we have too much of what we don\u2019t need and too little of what we do. A bullshit abundance of microplastics, of greenhouse gasses, of shoddily produced commodities, and of private profits made through the exploitation of land, sea, and labour. Drawing on Istvan Meszaros\u2019 theorisation of revolutionary transition and struggles to implement public-common partnerships in the UK, this lecture asks how we can leave this world of bullshit abundance behind once and for all.<\/p><\/div>\n\t\t\t\t<\/div>\n\t\t\t\t\t\t\t\t<\/div>\n\t\t\t\t<\/div>\n\t\t\t\t<\/div>\n\t\t\t\t<div class=\"elementor-element elementor-element-b263e85 elementor-widget elementor-widget-heading\" data-id=\"b263e85\" data-element_type=\"widget\" data-widget_type=\"heading.default\">\n\t\t\t\t<div class=\"elementor-widget-container\">\n\t\t\t<h2 class=\"elementor-heading-title elementor-size-medium\">15:30 \u2013 16:00 Coffee Break<\/h2>\t\t<\/div>\n\t\t\t\t<\/div>\n\t\t\t\t<div class=\"elementor-element elementor-element-dfa5ff4 elementor-widget elementor-widget-toggle\" data-id=\"dfa5ff4\" data-element_type=\"widget\" data-widget_type=\"toggle.default\">\n\t\t\t\t<div class=\"elementor-widget-container\">\n\t\t\t\t\t<div class=\"elementor-toggle\" role=\"tablist\">\n\t\t\t\t\t\t\t<div class=\"elementor-toggle-item\">\n\t\t\t\t\t<div id=\"elementor-tab-title-2341\" class=\"elementor-tab-title\" data-tab=\"1\" role=\"tab\" aria-controls=\"elementor-tab-content-2341\" aria-expanded=\"false\">\n\t\t\t\t\t\t\t\t\t\t\t\t<span class=\"elementor-toggle-icon elementor-toggle-icon-left\" aria-hidden=\"true\">\n\t\t\t\t\t\t\t\t\t\t\t\t\t\t\t<span class=\"elementor-toggle-icon-closed\"><i class=\"fas fa-plus\"><\/i><\/span>\n\t\t\t\t\t\t\t\t<span class=\"elementor-toggle-icon-opened\"><i class=\"elementor-toggle-icon-opened fas fa-minus\"><\/i><\/span>\n\t\t\t\t\t\t\t\t\t\t\t\t\t<\/span>\n\t\t\t\t\t\t\t\t\t\t\t\t<a href=\"\" class=\"elementor-toggle-title\">16:00 - 17:00 Workshop: Giustina Selvelli<\/a>\n\t\t\t\t\t<\/div>\n\n\t\t\t\t\t<div id=\"elementor-tab-content-2341\" class=\"elementor-tab-content elementor-clearfix\" data-tab=\"1\" role=\"tabpanel\" aria-labelledby=\"elementor-tab-title-2341\"><p><strong>Mapping lost ecocultural landscapes: a minority perspective<\/strong><\/p><p>Over the last century, countless environmental and cultural landscapes, many of which inhabited by indigenous communities and ethnic minorities, have been wiped off the face of the earth due to economic development pressures. What remains of those submerged histories in the narratives and consciousness of the majority population? In this workshop, participants will be guided to locate some of these lost places on the world atlas and reflect on the ongoing risks that the diverse eco-cultural heritage faces today despite the discourse on the green transition.<\/p><\/div>\n\t\t\t\t<\/div>\n\t\t\t\t\t\t\t\t<\/div>\n\t\t\t\t<\/div>\n\t\t\t\t<\/div>\n\t\t\t\t<div class=\"elementor-element elementor-element-168095f elementor-widget elementor-widget-heading\" data-id=\"168095f\" data-element_type=\"widget\" data-widget_type=\"heading.default\">\n\t\t\t\t<div class=\"elementor-widget-container\">\n\t\t\t<h2 class=\"elementor-heading-title elementor-size-medium\">18:00 Evening: socializing &amp; refreshments<\/h2>\t\t<\/div>\n\t\t\t\t<\/div>\n\t\t\t\t\t<\/div>\n\t\t<\/div>\n\t\t\t\t<div class=\"elementor-column elementor-col-50 elementor-top-column elementor-element elementor-element-98344d7\" data-id=\"98344d7\" data-element_type=\"column\" data-settings=\"{&quot;background_background&quot;:&quot;classic&quot;}\">\n\t\t\t<div class=\"elementor-widget-wrap elementor-element-populated\">\n\t\t\t\t\t\t\t\t<div class=\"elementor-element elementor-element-3364dab elementor-widget elementor-widget-heading\" data-id=\"3364dab\" data-element_type=\"widget\" data-widget_type=\"heading.default\">\n\t\t\t\t<div class=\"elementor-widget-container\">\n\t\t\t<h2 class=\"elementor-heading-title elementor-size-default\">Tuesday 2.7.<\/h2>\t\t<\/div>\n\t\t\t\t<\/div>\n\t\t\t\t<div class=\"elementor-element elementor-element-697b2ae elementor-widget elementor-widget-heading\" data-id=\"697b2ae\" data-element_type=\"widget\" data-widget_type=\"heading.default\">\n\t\t\t\t<div class=\"elementor-widget-container\">\n\t\t\t<h2 class=\"elementor-heading-title elementor-size-default\">FINANCE &amp; DEPENDENCY<\/h2>\t\t<\/div>\n\t\t\t\t<\/div>\n\t\t\t\t<div class=\"elementor-element elementor-element-2091690 elementor-widget elementor-widget-toggle\" data-id=\"2091690\" data-element_type=\"widget\" data-widget_type=\"toggle.default\">\n\t\t\t\t<div class=\"elementor-widget-container\">\n\t\t\t\t\t<div class=\"elementor-toggle\" role=\"tablist\">\n\t\t\t\t\t\t\t<div class=\"elementor-toggle-item\">\n\t\t\t\t\t<div id=\"elementor-tab-title-3411\" class=\"elementor-tab-title\" data-tab=\"1\" role=\"tab\" aria-controls=\"elementor-tab-content-3411\" aria-expanded=\"false\">\n\t\t\t\t\t\t\t\t\t\t\t\t<span class=\"elementor-toggle-icon elementor-toggle-icon-left\" aria-hidden=\"true\">\n\t\t\t\t\t\t\t\t\t\t\t\t\t\t\t<span class=\"elementor-toggle-icon-closed\"><i class=\"fas fa-plus\"><\/i><\/span>\n\t\t\t\t\t\t\t\t<span class=\"elementor-toggle-icon-opened\"><i class=\"elementor-toggle-icon-opened fas fa-minus\"><\/i><\/span>\n\t\t\t\t\t\t\t\t\t\t\t\t\t<\/span>\n\t\t\t\t\t\t\t\t\t\t\t\t<a href=\"\" class=\"elementor-toggle-title\">9:00 - 10:30 Lecture: James Meadway<\/a>\n\t\t\t\t\t<\/div>\n\n\t\t\t\t\t<div id=\"elementor-tab-content-3411\" class=\"elementor-tab-content elementor-clearfix\" data-tab=\"1\" role=\"tabpanel\" aria-labelledby=\"elementor-tab-title-3411\"><p><strong>It\u2019s After the End of the World: economic justice in an age of open-ended crisis.<\/strong><\/p><p>Climate change and the nature crisis are moving, inexorably, to the center of our lives: environmental instability is imposing itself on us all in a way without precedent in the history of modern humans. This ecological transition is mediated through structures of capitalism, forming a uniquely open-ended crisis: unlike those in the past, the crisis cannot even in principle stabilise itself. A new politics of economic and environmental justice is needed, founded on addressing instability.<\/p><\/div>\n\t\t\t\t<\/div>\n\t\t\t\t\t\t\t\t<\/div>\n\t\t\t\t<\/div>\n\t\t\t\t<\/div>\n\t\t\t\t<div class=\"elementor-element elementor-element-1d36a26 elementor-widget elementor-widget-heading\" data-id=\"1d36a26\" data-element_type=\"widget\" data-widget_type=\"heading.default\">\n\t\t\t\t<div class=\"elementor-widget-container\">\n\t\t\t<h2 class=\"elementor-heading-title elementor-size-medium\">10:30 - 11:00 Coffee Break<\/h2>\t\t<\/div>\n\t\t\t\t<\/div>\n\t\t\t\t<div class=\"elementor-element elementor-element-dc6d35f elementor-widget elementor-widget-toggle\" data-id=\"dc6d35f\" data-element_type=\"widget\" data-widget_type=\"toggle.default\">\n\t\t\t\t<div class=\"elementor-widget-container\">\n\t\t\t\t\t<div class=\"elementor-toggle\" role=\"tablist\">\n\t\t\t\t\t\t\t<div class=\"elementor-toggle-item\">\n\t\t\t\t\t<div id=\"elementor-tab-title-2311\" class=\"elementor-tab-title\" data-tab=\"1\" role=\"tab\" aria-controls=\"elementor-tab-content-2311\" aria-expanded=\"false\">\n\t\t\t\t\t\t\t\t\t\t\t\t<span class=\"elementor-toggle-icon elementor-toggle-icon-left\" aria-hidden=\"true\">\n\t\t\t\t\t\t\t\t\t\t\t\t\t\t\t<span class=\"elementor-toggle-icon-closed\"><i class=\"fas fa-plus\"><\/i><\/span>\n\t\t\t\t\t\t\t\t<span class=\"elementor-toggle-icon-opened\"><i class=\"elementor-toggle-icon-opened fas fa-minus\"><\/i><\/span>\n\t\t\t\t\t\t\t\t\t\t\t\t\t<\/span>\n\t\t\t\t\t\t\t\t\t\t\t\t<a href=\"\" class=\"elementor-toggle-title\">11:00 - 12:30 Lecture: Mariano Feliz<\/a>\n\t\t\t\t\t<\/div>\n\n\t\t\t\t\t<div id=\"elementor-tab-content-2311\" class=\"elementor-tab-content elementor-clearfix\" data-tab=\"1\" role=\"tabpanel\" aria-labelledby=\"elementor-tab-title-2311\"><p><strong>Dependency, \u201cgreen\u201d transition, and struggles for the commons. Argentina as experimental field for a new wave of looting.<\/strong><\/p><p>Argentina has been going through a deep crisis for at least a decade. The dominant fractions of capital have attempted to transform and deepen the economy\u2019s dependency by accelerating a process of transition into a green capitalism\u2019s chains of value and super-exploitation. They tried green developmentalist strategies, and under Javier Milei\u2019s paleo-libertarian government, they promote extreme forms of plundering of the territories, and common goods. As resistance abounds, the people defend their lives and livelihoods, creating new forms of social reproduction.<\/p><\/div>\n\t\t\t\t<\/div>\n\t\t\t\t\t\t\t\t<\/div>\n\t\t\t\t<\/div>\n\t\t\t\t<\/div>\n\t\t\t\t<div class=\"elementor-element elementor-element-f212bd0 elementor-widget elementor-widget-heading\" data-id=\"f212bd0\" data-element_type=\"widget\" data-widget_type=\"heading.default\">\n\t\t\t\t<div class=\"elementor-widget-container\">\n\t\t\t<h2 class=\"elementor-heading-title elementor-size-medium\">12:30 \u2013 14:00 Lunch<\/h2>\t\t<\/div>\n\t\t\t\t<\/div>\n\t\t\t\t<div class=\"elementor-element elementor-element-ae1b39e elementor-widget elementor-widget-toggle\" data-id=\"ae1b39e\" data-element_type=\"widget\" data-widget_type=\"toggle.default\">\n\t\t\t\t<div class=\"elementor-widget-container\">\n\t\t\t\t\t<div class=\"elementor-toggle\" role=\"tablist\">\n\t\t\t\t\t\t\t<div class=\"elementor-toggle-item\">\n\t\t\t\t\t<div id=\"elementor-tab-title-1821\" class=\"elementor-tab-title\" data-tab=\"1\" role=\"tab\" aria-controls=\"elementor-tab-content-1821\" aria-expanded=\"false\">\n\t\t\t\t\t\t\t\t\t\t\t\t<span class=\"elementor-toggle-icon elementor-toggle-icon-left\" aria-hidden=\"true\">\n\t\t\t\t\t\t\t\t\t\t\t\t\t\t\t<span class=\"elementor-toggle-icon-closed\"><i class=\"fas fa-plus\"><\/i><\/span>\n\t\t\t\t\t\t\t\t<span class=\"elementor-toggle-icon-opened\"><i class=\"elementor-toggle-icon-opened fas fa-minus\"><\/i><\/span>\n\t\t\t\t\t\t\t\t\t\t\t\t\t<\/span>\n\t\t\t\t\t\t\t\t\t\t\t\t<a href=\"\" class=\"elementor-toggle-title\">14:00 - 15:30 Lecture: Danijela Dolenec<\/a>\n\t\t\t\t\t<\/div>\n\n\t\t\t\t\t<div id=\"elementor-tab-content-1821\" class=\"elementor-tab-content elementor-clearfix\" data-tab=\"1\" role=\"tabpanel\" aria-labelledby=\"elementor-tab-title-1821\"><p><strong>The Green Left in Power<\/strong><\/p><p>I start from an overview of urban movements in Southeast Europe, addressing commonalities of context and strategies, and after that I delve into Mo\u017eemo! and the problem of winning power from a left perspective. <em>Mo\u017eemo!<\/em> in problem pridobivanja oblasti z leve perspektive.<\/p><p>Leaning into Foucault's thesis that the left has the ideology that rationalises its power, but lacks its own institutional practices to achieve its goals, we analyse our experience in power in Zagreb, focusing in particular on our policy change in waste management in the city and the role that municipalism plays in building up capacity for transformative change.<\/p><\/div>\n\t\t\t\t<\/div>\n\t\t\t\t\t\t\t\t<\/div>\n\t\t\t\t<\/div>\n\t\t\t\t<\/div>\n\t\t\t\t<div class=\"elementor-element elementor-element-5d817b7 elementor-widget elementor-widget-heading\" data-id=\"5d817b7\" data-element_type=\"widget\" data-widget_type=\"heading.default\">\n\t\t\t\t<div class=\"elementor-widget-container\">\n\t\t\t<h2 class=\"elementor-heading-title elementor-size-medium\">15:30 \u2013 16:00 Coffee Break<\/h2>\t\t<\/div>\n\t\t\t\t<\/div>\n\t\t\t\t<div class=\"elementor-element elementor-element-7c556c2 elementor-widget elementor-widget-toggle\" data-id=\"7c556c2\" data-element_type=\"widget\" data-widget_type=\"toggle.default\">\n\t\t\t\t<div class=\"elementor-widget-container\">\n\t\t\t\t\t<div class=\"elementor-toggle\" role=\"tablist\">\n\t\t\t\t\t\t\t<div class=\"elementor-toggle-item\">\n\t\t\t\t\t<div id=\"elementor-tab-title-1301\" class=\"elementor-tab-title\" data-tab=\"1\" role=\"tab\" aria-controls=\"elementor-tab-content-1301\" aria-expanded=\"false\">\n\t\t\t\t\t\t\t\t\t\t\t\t<span class=\"elementor-toggle-icon elementor-toggle-icon-left\" aria-hidden=\"true\">\n\t\t\t\t\t\t\t\t\t\t\t\t\t\t\t<span class=\"elementor-toggle-icon-closed\"><i class=\"fas fa-plus\"><\/i><\/span>\n\t\t\t\t\t\t\t\t<span class=\"elementor-toggle-icon-opened\"><i class=\"elementor-toggle-icon-opened fas fa-minus\"><\/i><\/span>\n\t\t\t\t\t\t\t\t\t\t\t\t\t<\/span>\n\t\t\t\t\t\t\t\t\t\t\t\t<a href=\"\" class=\"elementor-toggle-title\">16:00 - 17:00 Student Paper Presentations<\/a>\n\t\t\t\t\t<\/div>\n\n\t\t\t\t\t<div id=\"elementor-tab-content-1301\" class=\"elementor-tab-content elementor-clearfix\" data-tab=\"1\" role=\"tabpanel\" aria-labelledby=\"elementor-tab-title-1301\"><p>1. <strong>Criost\u00f3ir King<\/strong> \u2013 Development, Ecology, Justice: A Political Ecology Lens for Studying Socio-Ecological Conflicts in Rural Ireland<br \/>2. <strong>Rebecca Vining<\/strong> \u2013 Romanian bodies, Irish berries: A multi-scalar approach to migrant horticultural work<br \/>3. <strong>Louise Lamers<\/strong> \u2013 Campesino Responses to Green Land Grabbing: Navigating the Environmental Importance of the P\u00e1ramo Ecosystem in Sumapaz, Colombia<\/p><p><em>Moderator: Sultana Jovanovska<\/em><\/p><\/div>\n\t\t\t\t<\/div>\n\t\t\t\t\t\t\t\t<\/div>\n\t\t\t\t<\/div>\n\t\t\t\t<\/div>\n\t\t\t\t<div class=\"elementor-element elementor-element-ccfcdcf elementor-widget elementor-widget-toggle\" data-id=\"ccfcdcf\" data-element_type=\"widget\" data-widget_type=\"toggle.default\">\n\t\t\t\t<div class=\"elementor-widget-container\">\n\t\t\t\t\t<div class=\"elementor-toggle\" role=\"tablist\">\n\t\t\t\t\t\t\t<div class=\"elementor-toggle-item\">\n\t\t\t\t\t<div id=\"elementor-tab-title-2141\" class=\"elementor-tab-title\" data-tab=\"1\" role=\"tab\" aria-controls=\"elementor-tab-content-2141\" aria-expanded=\"false\">\n\t\t\t\t\t\t\t\t\t\t\t\t<span class=\"elementor-toggle-icon elementor-toggle-icon-right\" aria-hidden=\"true\">\n\t\t\t\t\t\t\t\t\t\t\t\t\t\t\t<span class=\"elementor-toggle-icon-closed\"><i class=\"fas fa-plus\"><\/i><\/span>\n\t\t\t\t\t\t\t\t<span class=\"elementor-toggle-icon-opened\"><i class=\"elementor-toggle-icon-opened fas fa-minus\"><\/i><\/span>\n\t\t\t\t\t\t\t\t\t\t\t\t\t<\/span>\n\t\t\t\t\t\t\t\t\t\t\t\t<a href=\"\" class=\"elementor-toggle-title\">17:30 Evening Poster Fair<\/a>\n\t\t\t\t\t<\/div>\n\n\t\t\t\t\t<div id=\"elementor-tab-content-2141\" class=\"elementor-tab-content elementor-clearfix\" data-tab=\"1\" role=\"tabpanel\" aria-labelledby=\"elementor-tab-title-2141\"><p>Master's students participating in the accredited programme and other interested participants will present their work in the form of posters. The poster fair will provide a platform to present posters and exchange ideas.<\/p><\/div>\n\t\t\t\t<\/div>\n\t\t\t\t\t\t\t\t<\/div>\n\t\t\t\t<\/div>\n\t\t\t\t<\/div>\n\t\t\t\t<div class=\"elementor-element elementor-element-fd612ea elementor-widget elementor-widget-heading\" data-id=\"fd612ea\" data-element_type=\"widget\" data-widget_type=\"heading.default\">\n\t\t\t\t<div class=\"elementor-widget-container\">\n\t\t\t<h2 class=\"elementor-heading-title elementor-size-medium\">20:00 Socializing (SEM)<\/h2>\t\t<\/div>\n\t\t\t\t<\/div>\n\t\t\t\t\t<\/div>\n\t\t<\/div>\n\t\t\t\t\t\t\t<\/div>\n\t\t<\/section>\n\t\t\t\t<section class=\"elementor-section elementor-top-section elementor-element elementor-element-3a31289 elementor-section-boxed elementor-section-height-default elementor-section-height-default\" data-id=\"3a31289\" data-element_type=\"section\" data-settings=\"{&quot;background_background&quot;:&quot;classic&quot;}\">\n\t\t\t\t\t\t\t<div class=\"elementor-background-overlay\"><\/div>\n\t\t\t\t\t\t\t<div class=\"elementor-container elementor-column-gap-default\">\n\t\t\t\t\t<div class=\"elementor-column elementor-col-50 elementor-top-column elementor-element elementor-element-73ebeb1\" data-id=\"73ebeb1\" data-element_type=\"column\" data-settings=\"{&quot;background_background&quot;:&quot;classic&quot;}\">\n\t\t\t<div class=\"elementor-widget-wrap elementor-element-populated\">\n\t\t\t\t\t\t\t\t<div class=\"elementor-element elementor-element-bd9a93e elementor-widget elementor-widget-heading\" data-id=\"bd9a93e\" data-element_type=\"widget\" data-widget_type=\"heading.default\">\n\t\t\t\t<div class=\"elementor-widget-container\">\n\t\t\t<h2 class=\"elementor-heading-title elementor-size-default\">Wednesday 3.7.<\/h2>\t\t<\/div>\n\t\t\t\t<\/div>\n\t\t\t\t<div class=\"elementor-element elementor-element-0c25a98 elementor-widget elementor-widget-heading\" data-id=\"0c25a98\" data-element_type=\"widget\" data-widget_type=\"heading.default\">\n\t\t\t\t<div class=\"elementor-widget-container\">\n\t\t\t<h2 class=\"elementor-heading-title elementor-size-default\">ENERGY DEMOCRACY<\/h2>\t\t<\/div>\n\t\t\t\t<\/div>\n\t\t\t\t<div class=\"elementor-element elementor-element-1bbdba9 elementor-widget elementor-widget-toggle\" data-id=\"1bbdba9\" data-element_type=\"widget\" data-widget_type=\"toggle.default\">\n\t\t\t\t<div class=\"elementor-widget-container\">\n\t\t\t\t\t<div class=\"elementor-toggle\" role=\"tablist\">\n\t\t\t\t\t\t\t<div class=\"elementor-toggle-item\">\n\t\t\t\t\t<div id=\"elementor-tab-title-2901\" class=\"elementor-tab-title\" data-tab=\"1\" role=\"tab\" aria-controls=\"elementor-tab-content-2901\" aria-expanded=\"false\">\n\t\t\t\t\t\t\t\t\t\t\t\t<span class=\"elementor-toggle-icon elementor-toggle-icon-left\" aria-hidden=\"true\">\n\t\t\t\t\t\t\t\t\t\t\t\t\t\t\t<span class=\"elementor-toggle-icon-closed\"><i class=\"fas fa-plus\"><\/i><\/span>\n\t\t\t\t\t\t\t\t<span class=\"elementor-toggle-icon-opened\"><i class=\"elementor-toggle-icon-opened fas fa-minus\"><\/i><\/span>\n\t\t\t\t\t\t\t\t\t\t\t\t\t<\/span>\n\t\t\t\t\t\t\t\t\t\t\t\t<a href=\"\" class=\"elementor-toggle-title\">9:00 -10:30 Lecture: Ana\u00efs Varo<\/a>\n\t\t\t\t\t<\/div>\n\n\t\t\t\t\t<div id=\"elementor-tab-content-2901\" class=\"elementor-tab-content elementor-clearfix\" data-tab=\"1\" role=\"tabpanel\" aria-labelledby=\"elementor-tab-title-2901\"><p><b>Energy commoning: opportunities &amp; barriers for a just energy transition<\/b><\/p><p>This presentation critically examines the impact of energy market liberalisation in Europe. Using the framework of commons studies, it explores energy commons as a political hypothesis with the capacity of influencing and transforming the current energy system. Energy commons are understood as community-managed and\/or citizens-oriented experiences that promote energy democracy, justice and sustainability. Case studies of Barcelona Energia and Catalan energy communities illustrate practical implementations. Finally, it assesses how energy commons can support a just energy transition and a more just energy system.<\/p><\/div>\n\t\t\t\t<\/div>\n\t\t\t\t\t\t\t\t<\/div>\n\t\t\t\t<\/div>\n\t\t\t\t<\/div>\n\t\t\t\t<div class=\"elementor-element elementor-element-5c9455b elementor-widget elementor-widget-heading\" data-id=\"5c9455b\" data-element_type=\"widget\" data-widget_type=\"heading.default\">\n\t\t\t\t<div class=\"elementor-widget-container\">\n\t\t\t<h2 class=\"elementor-heading-title elementor-size-medium\">10:30 - 11:00 Coffee Break<\/h2>\t\t<\/div>\n\t\t\t\t<\/div>\n\t\t\t\t<div class=\"elementor-element elementor-element-66c3432 elementor-widget elementor-widget-toggle\" data-id=\"66c3432\" data-element_type=\"widget\" data-widget_type=\"toggle.default\">\n\t\t\t\t<div class=\"elementor-widget-container\">\n\t\t\t\t\t<div class=\"elementor-toggle\" role=\"tablist\">\n\t\t\t\t\t\t\t<div class=\"elementor-toggle-item\">\n\t\t\t\t\t<div id=\"elementor-tab-title-1071\" class=\"elementor-tab-title\" data-tab=\"1\" role=\"tab\" aria-controls=\"elementor-tab-content-1071\" aria-expanded=\"false\">\n\t\t\t\t\t\t\t\t\t\t\t\t<span class=\"elementor-toggle-icon elementor-toggle-icon-left\" aria-hidden=\"true\">\n\t\t\t\t\t\t\t\t\t\t\t\t\t\t\t<span class=\"elementor-toggle-icon-closed\"><i class=\"fas fa-plus\"><\/i><\/span>\n\t\t\t\t\t\t\t\t<span class=\"elementor-toggle-icon-opened\"><i class=\"elementor-toggle-icon-opened fas fa-minus\"><\/i><\/span>\n\t\t\t\t\t\t\t\t\t\t\t\t\t<\/span>\n\t\t\t\t\t\t\t\t\t\t\t\t<a href=\"\" class=\"elementor-toggle-title\">11:00 -12:30 Lecture: Lavinia Steinfort<\/a>\n\t\t\t\t\t<\/div>\n\n\t\t\t\t\t<div id=\"elementor-tab-content-1071\" class=\"elementor-tab-content elementor-clearfix\" data-tab=\"1\" role=\"tabpanel\" aria-labelledby=\"elementor-tab-title-1071\"><p><b>Reclaiming and democratising public services from an ownership and governance perspective<\/b><\/p><p>The lecture will focus on TNI's trajectory on Energy Democracy, with a quick snapshot on reclaiming and democratising public services. We will explore municipal energy transitions across Europe and EU's push for liberalising and privatising member state's energy sectors.<\/p><p>As a survey of 15 \"green\" multinationals shows, the energy transition is being hijacked by corporate interests. What are the dominant energy transition myths that are threatening decarbonisations? And why should we aim for a Peoples' takeover of the energy system: converging struggles to deprivatise, decolonise and democratise energy.<\/p><\/div>\n\t\t\t\t<\/div>\n\t\t\t\t\t\t\t\t<\/div>\n\t\t\t\t<\/div>\n\t\t\t\t<\/div>\n\t\t\t\t<div class=\"elementor-element elementor-element-46f3936 elementor-widget elementor-widget-heading\" data-id=\"46f3936\" data-element_type=\"widget\" data-widget_type=\"heading.default\">\n\t\t\t\t<div class=\"elementor-widget-container\">\n\t\t\t<h2 class=\"elementor-heading-title elementor-size-medium\">12:30 \u2013 14:00 Lunch<\/h2>\t\t<\/div>\n\t\t\t\t<\/div>\n\t\t\t\t<div class=\"elementor-element elementor-element-67c6ac6 elementor-widget elementor-widget-toggle\" data-id=\"67c6ac6\" data-element_type=\"widget\" data-widget_type=\"toggle.default\">\n\t\t\t\t<div class=\"elementor-widget-container\">\n\t\t\t\t\t<div class=\"elementor-toggle\" role=\"tablist\">\n\t\t\t\t\t\t\t<div class=\"elementor-toggle-item\">\n\t\t\t\t\t<div id=\"elementor-tab-title-1081\" class=\"elementor-tab-title\" data-tab=\"1\" role=\"tab\" aria-controls=\"elementor-tab-content-1081\" aria-expanded=\"false\">\n\t\t\t\t\t\t\t\t\t\t\t\t<span class=\"elementor-toggle-icon elementor-toggle-icon-left\" aria-hidden=\"true\">\n\t\t\t\t\t\t\t\t\t\t\t\t\t\t\t<span class=\"elementor-toggle-icon-closed\"><i class=\"fas fa-plus\"><\/i><\/span>\n\t\t\t\t\t\t\t\t<span class=\"elementor-toggle-icon-opened\"><i class=\"elementor-toggle-icon-opened fas fa-minus\"><\/i><\/span>\n\t\t\t\t\t\t\t\t\t\t\t\t\t<\/span>\n\t\t\t\t\t\t\t\t\t\t\t\t<a href=\"\" class=\"elementor-toggle-title\">14:00 - 15:30 Presentation: Chris Vrettos + Marko Funkl<\/a>\n\t\t\t\t\t<\/div>\n\n\t\t\t\t\t<div id=\"elementor-tab-content-1081\" class=\"elementor-tab-content elementor-clearfix\" data-tab=\"1\" role=\"tabpanel\" aria-labelledby=\"elementor-tab-title-1081\"><p><strong>All the power to all the people: energy communities as radically realistic solutions<\/strong><\/p><p>Is the 'greenlash' really that big, or do citizens just want a more fair distribution of\neconomic benefits of the climate transition? Energy communities are a concrete tool\nto ensure a democratic, fair, green energy transition. They are local groups of\ncitizens, SMEs and Municipalities that jointly develop renewable energy projects, thus\nensuring strong economic benefits for the local community, while also cultivating\nacceptance for renewable energy. Over the past years the EU Commission has\nprovided for clear legislative support, including through recent revisions in key Green\nDeal legislation. Member States are now encouraged to include energy communities\nin offshore wind parks, housing renovations, electric mobility, and in general across\nall activities of the energy sector. The energy and climate transitions will only succeed with greater democracy and fair distribution of benefits.<\/p><p><strong>Hrastnik Solar School<\/strong><\/p><p>Marko Funkl, Mayor of the Municipality of Hrastnik, will present the first self-consumption communal solar power plant in Slovenia as a practical example of a fair green transition. \u00a0<\/p><\/div>\n\t\t\t\t<\/div>\n\t\t\t\t\t\t\t\t<\/div>\n\t\t\t\t<\/div>\n\t\t\t\t<\/div>\n\t\t\t\t<div class=\"elementor-element elementor-element-87510f5 elementor-widget elementor-widget-heading\" data-id=\"87510f5\" data-element_type=\"widget\" data-widget_type=\"heading.default\">\n\t\t\t\t<div class=\"elementor-widget-container\">\n\t\t\t<h2 class=\"elementor-heading-title elementor-size-medium\">15:30 \u2013 16:00 Coffee Break<\/h2>\t\t<\/div>\n\t\t\t\t<\/div>\n\t\t\t\t<div class=\"elementor-element elementor-element-3b421d9 elementor-widget elementor-widget-toggle\" data-id=\"3b421d9\" data-element_type=\"widget\" data-widget_type=\"toggle.default\">\n\t\t\t\t<div class=\"elementor-widget-container\">\n\t\t\t\t\t<div class=\"elementor-toggle\" role=\"tablist\">\n\t\t\t\t\t\t\t<div class=\"elementor-toggle-item\">\n\t\t\t\t\t<div id=\"elementor-tab-title-6211\" class=\"elementor-tab-title\" data-tab=\"1\" role=\"tab\" aria-controls=\"elementor-tab-content-6211\" aria-expanded=\"false\">\n\t\t\t\t\t\t\t\t\t\t\t\t<span class=\"elementor-toggle-icon elementor-toggle-icon-left\" aria-hidden=\"true\">\n\t\t\t\t\t\t\t\t\t\t\t\t\t\t\t<span class=\"elementor-toggle-icon-closed\"><i class=\"fas fa-plus\"><\/i><\/span>\n\t\t\t\t\t\t\t\t<span class=\"elementor-toggle-icon-opened\"><i class=\"elementor-toggle-icon-opened fas fa-minus\"><\/i><\/span>\n\t\t\t\t\t\t\t\t\t\t\t\t\t<\/span>\n\t\t\t\t\t\t\t\t\t\t\t\t<a href=\"\" class=\"elementor-toggle-title\">16:00 - 17:00 Student Paper Presentations<\/a>\n\t\t\t\t\t<\/div>\n\n\t\t\t\t\t<div id=\"elementor-tab-content-6211\" class=\"elementor-tab-content elementor-clearfix\" data-tab=\"1\" role=\"tabpanel\" aria-labelledby=\"elementor-tab-title-6211\"><p>1. <strong>Eda B\u00fclb\u00fcl<\/strong> \u2013 Principles of Energy Justice: Looking at the Environmental and Climate Justice Principles with Energy Justice Approaches<br \/>2. <strong>Hira Yousuf<\/strong> \u2013 Energy crises and discard in Pakistan: a case study on Korangi\u2019s fisherfolk<br \/>3. <strong>Arianna Poletti<\/strong> \u2013 Toward an Ecological-Political Understanding of Migration from Tunisia: Exploring the Role of Energy Policies in Southern Ecosystems&#8217; Desertification<\/p><p><em>Moderator: Karla Tepe\u017e<\/em><\/p><\/div>\n\t\t\t\t<\/div>\n\t\t\t\t\t\t\t\t<\/div>\n\t\t\t\t<\/div>\n\t\t\t\t<\/div>\n\t\t\t\t<div class=\"elementor-element elementor-element-f4c5874 elementor-widget elementor-widget-toggle\" data-id=\"f4c5874\" data-element_type=\"widget\" data-widget_type=\"toggle.default\">\n\t\t\t\t<div class=\"elementor-widget-container\">\n\t\t\t\t\t<div class=\"elementor-toggle\" role=\"tablist\">\n\t\t\t\t\t\t\t<div class=\"elementor-toggle-item\">\n\t\t\t\t\t<div id=\"elementor-tab-title-2561\" class=\"elementor-tab-title\" data-tab=\"1\" role=\"tab\" aria-controls=\"elementor-tab-content-2561\" aria-expanded=\"false\">\n\t\t\t\t\t\t\t\t\t\t\t\t<span class=\"elementor-toggle-icon elementor-toggle-icon-right\" aria-hidden=\"true\">\n\t\t\t\t\t\t\t\t\t\t\t\t\t\t\t<span class=\"elementor-toggle-icon-closed\"><i class=\"fas fa-plus\"><\/i><\/span>\n\t\t\t\t\t\t\t\t<span class=\"elementor-toggle-icon-opened\"><i class=\"elementor-toggle-icon-opened fas fa-minus\"><\/i><\/span>\n\t\t\t\t\t\t\t\t\t\t\t\t\t<\/span>\n\t\t\t\t\t\t\t\t\t\t\t\t<a href=\"\" class=\"elementor-toggle-title\">17:30 Evening: Policy Dialogue - Empowering Underrepresented Women in the Energy Sector (EUWES)<\/a>\n\t\t\t\t\t<\/div>\n\n\t\t\t\t\t<div id=\"elementor-tab-content-2561\" class=\"elementor-tab-content elementor-clearfix\" data-tab=\"1\" role=\"tabpanel\" aria-labelledby=\"elementor-tab-title-2561\"><p>The energy sector is one of the least gender diverse sectors. At the level of the European Union, only 24% of employees in the energy sector are women, while women in Slovenia represent only 15% of all employees in the energy sector. Women are underrepresented in decision-making processes and in the management structures of energy companies, they are paid less and it is more difficult for them to advance. Reports show that women and female-headed households are disproportionately affected by energy and transport poverty. This vulnerability is compounded by factors such as age, disability and ethnicity. Women and girls around the world face the negative impacts of climate change to a greater extent, mainly because of their economic disadvantage. We are therefore in a situation where we have a sector where, on the one hand, women are underrepresented, and on the other hand, they often bear a greater burden of the consequences of the current energy system. Are current EU policies making the problem worse? Is it enough to increase the representation of women or do we need deeper changes?<\/p><p>We will seek answers to these questions at the international round table with the help of interesting speakers:<br \/><br \/><strong>\u2022 Lavinia Steinfort<\/strong>, a political geographer and activist, who researches just transition to energy democracy;<br \/><strong>\u2022 Lidija \u017div\u010di\u010d<\/strong> from the environmental organization Focus, who has been working on energy poverty for many years;<br \/>\u2022 <strong>Sandy Fameliari<\/strong>, a collaborator at ELECTRA Energy in Greece, working on community energy projects.<\/p><p>Moderator: Katju\u0161a \u0160avc<\/p><\/div>\n\t\t\t\t<\/div>\n\t\t\t\t\t\t\t\t<\/div>\n\t\t\t\t<\/div>\n\t\t\t\t<\/div>\n\t\t\t\t<div class=\"elementor-element elementor-element-5a062fd elementor-widget elementor-widget-heading\" data-id=\"5a062fd\" data-element_type=\"widget\" data-widget_type=\"heading.default\">\n\t\t\t\t<div class=\"elementor-widget-container\">\n\t\t\t<h2 class=\"elementor-heading-title elementor-size-medium\">20:00 Socializing (SEM)<\/h2>\t\t<\/div>\n\t\t\t\t<\/div>\n\t\t\t\t\t<\/div>\n\t\t<\/div>\n\t\t\t\t<div class=\"elementor-column elementor-col-50 elementor-top-column elementor-element elementor-element-6116453\" data-id=\"6116453\" data-element_type=\"column\" data-settings=\"{&quot;background_background&quot;:&quot;classic&quot;}\">\n\t\t\t<div class=\"elementor-widget-wrap elementor-element-populated\">\n\t\t\t\t\t\t\t\t<div class=\"elementor-element elementor-element-c2ce388 elementor-widget elementor-widget-heading\" data-id=\"c2ce388\" data-element_type=\"widget\" data-widget_type=\"heading.default\">\n\t\t\t\t<div class=\"elementor-widget-container\">\n\t\t\t<h2 class=\"elementor-heading-title elementor-size-default\">Thursday 4.7.<\/h2>\t\t<\/div>\n\t\t\t\t<\/div>\n\t\t\t\t<div class=\"elementor-element elementor-element-1d929ac elementor-widget elementor-widget-heading\" data-id=\"1d929ac\" data-element_type=\"widget\" data-widget_type=\"heading.default\">\n\t\t\t\t<div class=\"elementor-widget-container\">\n\t\t\t<h2 class=\"elementor-heading-title elementor-size-default\">THE CITY<\/h2>\t\t<\/div>\n\t\t\t\t<\/div>\n\t\t\t\t<div class=\"elementor-element elementor-element-fb44f4b elementor-widget elementor-widget-toggle\" data-id=\"fb44f4b\" data-element_type=\"widget\" data-widget_type=\"toggle.default\">\n\t\t\t\t<div class=\"elementor-widget-container\">\n\t\t\t\t\t<div class=\"elementor-toggle\" role=\"tablist\">\n\t\t\t\t\t\t\t<div class=\"elementor-toggle-item\">\n\t\t\t\t\t<div id=\"elementor-tab-title-2631\" class=\"elementor-tab-title\" data-tab=\"1\" role=\"tab\" aria-controls=\"elementor-tab-content-2631\" aria-expanded=\"false\">\n\t\t\t\t\t\t\t\t\t\t\t\t<span class=\"elementor-toggle-icon elementor-toggle-icon-left\" aria-hidden=\"true\">\n\t\t\t\t\t\t\t\t\t\t\t\t\t\t\t<span class=\"elementor-toggle-icon-closed\"><i class=\"fas fa-plus\"><\/i><\/span>\n\t\t\t\t\t\t\t\t<span class=\"elementor-toggle-icon-opened\"><i class=\"elementor-toggle-icon-opened fas fa-minus\"><\/i><\/span>\n\t\t\t\t\t\t\t\t\t\t\t\t\t<\/span>\n\t\t\t\t\t\t\t\t\t\t\t\t<a href=\"\" class=\"elementor-toggle-title\">9:00 - 10:30 Lecture: Melissa Garcia Lamarca<\/a>\n\t\t\t\t\t<\/div>\n\n\t\t\t\t\t<div id=\"elementor-tab-content-2631\" class=\"elementor-tab-content elementor-clearfix\" data-tab=\"1\" role=\"tabpanel\" aria-labelledby=\"elementor-tab-title-2631\"><p><b>Green cities for whom? Thinking public, private and commons in urban space &amp; housing<\/b><\/p><p>Making cities greener and more sustainable is an increasing global priority, but who are these cities for? The lecture will outline some of the major tensions related to the public, private and commons in cities today, focusing on housing financialisation, green gentrification and green finance. It will also discuss what can be done to think and act the city as commons, from radical policy interventions to grassroots action, reflecting on questions of scale and politics in the just urban transition.<\/p><\/div>\n\t\t\t\t<\/div>\n\t\t\t\t\t\t\t\t<\/div>\n\t\t\t\t<\/div>\n\t\t\t\t<\/div>\n\t\t\t\t<div class=\"elementor-element elementor-element-bb32276 elementor-widget elementor-widget-heading\" data-id=\"bb32276\" data-element_type=\"widget\" data-widget_type=\"heading.default\">\n\t\t\t\t<div class=\"elementor-widget-container\">\n\t\t\t<h2 class=\"elementor-heading-title elementor-size-medium\">10:30 - 11:00 Coffee Break<\/h2>\t\t<\/div>\n\t\t\t\t<\/div>\n\t\t\t\t<div class=\"elementor-element elementor-element-40990b6 elementor-widget elementor-widget-toggle\" data-id=\"40990b6\" data-element_type=\"widget\" data-widget_type=\"toggle.default\">\n\t\t\t\t<div class=\"elementor-widget-container\">\n\t\t\t\t\t<div class=\"elementor-toggle\" role=\"tablist\">\n\t\t\t\t\t\t\t<div class=\"elementor-toggle-item\">\n\t\t\t\t\t<div id=\"elementor-tab-title-6771\" class=\"elementor-tab-title\" data-tab=\"1\" role=\"tab\" aria-controls=\"elementor-tab-content-6771\" aria-expanded=\"false\">\n\t\t\t\t\t\t\t\t\t\t\t\t<span class=\"elementor-toggle-icon elementor-toggle-icon-left\" aria-hidden=\"true\">\n\t\t\t\t\t\t\t\t\t\t\t\t\t\t\t<span class=\"elementor-toggle-icon-closed\"><i class=\"fas fa-plus\"><\/i><\/span>\n\t\t\t\t\t\t\t\t<span class=\"elementor-toggle-icon-opened\"><i class=\"elementor-toggle-icon-opened fas fa-minus\"><\/i><\/span>\n\t\t\t\t\t\t\t\t\t\t\t\t\t<\/span>\n\t\t\t\t\t\t\t\t\t\t\t\t<a href=\"\" class=\"elementor-toggle-title\">11:00 - 12:30 Lecture: Martin Valinger<\/a>\n\t\t\t\t\t<\/div>\n\n\t\t\t\t\t<div id=\"elementor-tab-content-6771\" class=\"elementor-tab-content elementor-clearfix\" data-tab=\"1\" role=\"tabpanel\" aria-labelledby=\"elementor-tab-title-6771\"><p><b>Transformative Urban Dynamics in Ljubljana: Between the Public, the Private, and the Commons<br \/><\/b><\/p><p>The lecture will closely examine the transformative dynamics shaping urban landscapes in post-socialist cities, with a particular focus on Slovenia's capital city, Ljubljana. It will explore the evolution of urban planning and governance paradigms, spanning from post-war \"modernist\" planning to the contemporary dominance of what is often termed as investor urbanism. Building on this analysis, it will illustrate how open public and community spaces today serve as a political terrain where various public, private, and communal interests and urban agendas collide in often peculiar ways, setting the stage for uncertain developmental trajectories.<\/p><\/div>\n\t\t\t\t<\/div>\n\t\t\t\t\t\t\t\t<\/div>\n\t\t\t\t<\/div>\n\t\t\t\t<\/div>\n\t\t\t\t<div class=\"elementor-element elementor-element-6268623 elementor-widget elementor-widget-heading\" data-id=\"6268623\" data-element_type=\"widget\" data-widget_type=\"heading.default\">\n\t\t\t\t<div class=\"elementor-widget-container\">\n\t\t\t<h2 class=\"elementor-heading-title elementor-size-medium\">12:30 \u2013 14:00 Lunch<\/h2>\t\t<\/div>\n\t\t\t\t<\/div>\n\t\t\t\t<div class=\"elementor-element elementor-element-68230da elementor-widget elementor-widget-toggle\" data-id=\"68230da\" data-element_type=\"widget\" data-widget_type=\"toggle.default\">\n\t\t\t\t<div class=\"elementor-widget-container\">\n\t\t\t\t\t<div class=\"elementor-toggle\" role=\"tablist\">\n\t\t\t\t\t\t\t<div class=\"elementor-toggle-item\">\n\t\t\t\t\t<div id=\"elementor-tab-title-1091\" class=\"elementor-tab-title\" data-tab=\"1\" role=\"tab\" aria-controls=\"elementor-tab-content-1091\" aria-expanded=\"false\">\n\t\t\t\t\t\t\t\t\t\t\t\t<span class=\"elementor-toggle-icon elementor-toggle-icon-left\" aria-hidden=\"true\">\n\t\t\t\t\t\t\t\t\t\t\t\t\t\t\t<span class=\"elementor-toggle-icon-closed\"><i class=\"fas fa-plus\"><\/i><\/span>\n\t\t\t\t\t\t\t\t<span class=\"elementor-toggle-icon-opened\"><i class=\"elementor-toggle-icon-opened fas fa-minus\"><\/i><\/span>\n\t\t\t\t\t\t\t\t\t\t\t\t\t<\/span>\n\t\t\t\t\t\t\t\t\t\t\t\t<a href=\"\" class=\"elementor-toggle-title\">14:00 - 15:00 Student Paper Presentations<\/a>\n\t\t\t\t\t<\/div>\n\n\t\t\t\t\t<div id=\"elementor-tab-content-1091\" class=\"elementor-tab-content elementor-clearfix\" data-tab=\"1\" role=\"tabpanel\" aria-labelledby=\"elementor-tab-title-1091\"><p>1. <strong>Vanessa Regazzi<\/strong> \u2013 The new forms of living: challenges and opportunities for an eco-social transformation<br \/>2. <strong>Hannah Jan\u00dfen<\/strong> \u2013 Citizens\u2019 evaluation of sufficiency policies in the field of housing. The role of communication and personal affectedness.<br \/>3. <strong>Davorin \u017dnidari\u010d<\/strong> &#8211; The Introduction of Green Concepts in the Zasavje Region and a Constructively Critical View through the Desire to Produce Green Energy of the Waters of the Sava River.<\/p><p><em>Moderator: Sultana Jovanovska<\/em><\/p><\/div>\n\t\t\t\t<\/div>\n\t\t\t\t\t\t\t\t<\/div>\n\t\t\t\t<\/div>\n\t\t\t\t<\/div>\n\t\t\t\t<div class=\"elementor-element elementor-element-1619cff elementor-widget elementor-widget-heading\" data-id=\"1619cff\" data-element_type=\"widget\" data-widget_type=\"heading.default\">\n\t\t\t\t<div class=\"elementor-widget-container\">\n\t\t\t<h2 class=\"elementor-heading-title elementor-size-medium\">15:00 - 15:30 Coffee Break<\/h2>\t\t<\/div>\n\t\t\t\t<\/div>\n\t\t\t\t<div class=\"elementor-element elementor-element-95fee0e elementor-widget elementor-widget-toggle\" data-id=\"95fee0e\" data-element_type=\"widget\" data-widget_type=\"toggle.default\">\n\t\t\t\t<div class=\"elementor-widget-container\">\n\t\t\t\t\t<div class=\"elementor-toggle\" role=\"tablist\">\n\t\t\t\t\t\t\t<div class=\"elementor-toggle-item\">\n\t\t\t\t\t<div id=\"elementor-tab-title-1571\" class=\"elementor-tab-title\" data-tab=\"1\" role=\"tab\" aria-controls=\"elementor-tab-content-1571\" aria-expanded=\"false\">\n\t\t\t\t\t\t\t\t\t\t\t\t<span class=\"elementor-toggle-icon elementor-toggle-icon-left\" aria-hidden=\"true\">\n\t\t\t\t\t\t\t\t\t\t\t\t\t\t\t<span class=\"elementor-toggle-icon-closed\"><i class=\"fas fa-plus\"><\/i><\/span>\n\t\t\t\t\t\t\t\t<span class=\"elementor-toggle-icon-opened\"><i class=\"elementor-toggle-icon-opened fas fa-minus\"><\/i><\/span>\n\t\t\t\t\t\t\t\t\t\t\t\t\t<\/span>\n\t\t\t\t\t\t\t\t\t\t\t\t<a href=\"\" class=\"elementor-toggle-title\">15:30 - 16:30 Discussion on the papers of accredited students<\/a>\n\t\t\t\t\t<\/div>\n\n\t\t\t\t\t<div id=\"elementor-tab-content-1571\" class=\"elementor-tab-content elementor-clearfix\" data-tab=\"1\" role=\"tabpanel\" aria-labelledby=\"elementor-tab-title-1571\"><p>The debate will provide an opportunity to exchange views and ideas on the work of students registered for the accredited programme. We wish to enhance the opportunity for feedback and improvement of their texts, and furthermore facilitate discussion among the participants of the summer school.<\/p><p><em>Moderator: Sultana Jovanovska<\/em><\/p><\/div>\n\t\t\t\t<\/div>\n\t\t\t\t\t\t\t\t<\/div>\n\t\t\t\t<\/div>\n\t\t\t\t<\/div>\n\t\t\t\t<div class=\"elementor-element elementor-element-45c7311 elementor-widget elementor-widget-toggle\" data-id=\"45c7311\" data-element_type=\"widget\" data-widget_type=\"toggle.default\">\n\t\t\t\t<div class=\"elementor-widget-container\">\n\t\t\t\t\t<div class=\"elementor-toggle\" role=\"tablist\">\n\t\t\t\t\t\t\t<div class=\"elementor-toggle-item\">\n\t\t\t\t\t<div id=\"elementor-tab-title-7311\" class=\"elementor-tab-title\" data-tab=\"1\" role=\"tab\" aria-controls=\"elementor-tab-content-7311\" aria-expanded=\"false\">\n\t\t\t\t\t\t\t\t\t\t\t\t<span class=\"elementor-toggle-icon elementor-toggle-icon-right\" aria-hidden=\"true\">\n\t\t\t\t\t\t\t\t\t\t\t\t\t\t\t<span class=\"elementor-toggle-icon-closed\"><i class=\"fas fa-plus\"><\/i><\/span>\n\t\t\t\t\t\t\t\t<span class=\"elementor-toggle-icon-opened\"><i class=\"elementor-toggle-icon-opened fas fa-minus\"><\/i><\/span>\n\t\t\t\t\t\t\t\t\t\t\t\t\t<\/span>\n\t\t\t\t\t\t\t\t\t\t\t\t<a href=\"\" class=\"elementor-toggle-title\">18:00 Evening: Guided Tour of Ljubljana<\/a>\n\t\t\t\t\t<\/div>\n\n\t\t\t\t\t<div id=\"elementor-tab-content-7311\" class=\"elementor-tab-content elementor-clearfix\" data-tab=\"1\" role=\"tabpanel\" aria-labelledby=\"elementor-tab-title-7311\"><p>A unique alternative tour of Ljubljana, running regularly since 2017. Although it doesn't skimp on the classic attractions, it is packed with alternative art, independent lifestyle hot spots and engaging political insights. The tour combines street culture and historical monuments, avant-garde spaces and old town haunts, graffiti-covered facades and the bridges of the Ljubljanica. It also takes you, of course, to the heart of Metelkova and what once was the famous Rog factory.<\/p><p><em>Tour run by:\u00a0<\/em><em><a href=\"https:\/\/ptich.si\/\" data-saferedirecturl=\"https:\/\/www.google.com\/url?q=https:\/\/ptich.si\/&amp;source=gmail&amp;ust=1718186449897000&amp;usg=AOvVaw3jD2cnfU3GHxuSkzyP7JuU\">https:\/\/ptich.si\/<\/a>;<\/em> 10-15 EUR (depending on the number of attendees); <a href=\"https:\/\/docs.google.com\/forms\/d\/1hXMnm_XlXjWitxptjdw_2buzCRoLQEPmaK5ayV7O3Ss\" data-saferedirecturl=\"https:\/\/www.google.com\/url?q=https:\/\/docs.google.com\/forms\/d\/1hXMnm_XlXjWitxptjdw_2buzCRoLQEPmaK5ayV7O3Ss&amp;source=gmail&amp;ust=1718186449897000&amp;usg=AOvVaw3Gs82Pwdv-KBidxlwkSB47\">registration required HERE<\/a>.<\/p><\/div>\n\t\t\t\t<\/div>\n\t\t\t\t\t\t\t\t<\/div>\n\t\t\t\t<\/div>\n\t\t\t\t<\/div>\n\t\t\t\t<div class=\"elementor-element elementor-element-a8d0c63 elementor-widget elementor-widget-heading\" data-id=\"a8d0c63\" data-element_type=\"widget\" data-widget_type=\"heading.default\">\n\t\t\t\t<div class=\"elementor-widget-container\">\n\t\t\t<h2 class=\"elementor-heading-title elementor-size-medium\">20:00 Socializing (SEM)<\/h2>\t\t<\/div>\n\t\t\t\t<\/div>\n\t\t\t\t\t<\/div>\n\t\t<\/div>\n\t\t\t\t\t\t\t<\/div>\n\t\t<\/section>\n\t\t\t\t<section class=\"elementor-section elementor-top-section elementor-element elementor-element-d258383 elementor-section-boxed elementor-section-height-default elementor-section-height-default\" data-id=\"d258383\" data-element_type=\"section\" data-settings=\"{&quot;background_background&quot;:&quot;classic&quot;}\">\n\t\t\t\t\t\t\t<div class=\"elementor-background-overlay\"><\/div>\n\t\t\t\t\t\t\t<div class=\"elementor-container elementor-column-gap-default\">\n\t\t\t\t\t<div class=\"elementor-column elementor-col-50 elementor-top-column elementor-element elementor-element-d79cf1d\" data-id=\"d79cf1d\" data-element_type=\"column\" data-settings=\"{&quot;background_background&quot;:&quot;classic&quot;}\">\n\t\t\t<div class=\"elementor-widget-wrap elementor-element-populated\">\n\t\t\t\t\t\t\t\t<div class=\"elementor-element elementor-element-d49bb5a elementor-widget elementor-widget-heading\" data-id=\"d49bb5a\" data-element_type=\"widget\" data-widget_type=\"heading.default\">\n\t\t\t\t<div class=\"elementor-widget-container\">\n\t\t\t<h2 class=\"elementor-heading-title elementor-size-default\">Friday 1.7.<\/h2>\t\t<\/div>\n\t\t\t\t<\/div>\n\t\t\t\t<div class=\"elementor-element elementor-element-bfab157 elementor-widget elementor-widget-heading\" data-id=\"bfab157\" data-element_type=\"widget\" data-widget_type=\"heading.default\">\n\t\t\t\t<div class=\"elementor-widget-container\">\n\t\t\t<h2 class=\"elementor-heading-title elementor-size-default\">COMING TOGETHER<\/h2>\t\t<\/div>\n\t\t\t\t<\/div>\n\t\t\t\t<div class=\"elementor-element elementor-element-01cfe01 elementor-widget elementor-widget-toggle\" data-id=\"01cfe01\" data-element_type=\"widget\" data-widget_type=\"toggle.default\">\n\t\t\t\t<div class=\"elementor-widget-container\">\n\t\t\t\t\t<div class=\"elementor-toggle\" role=\"tablist\">\n\t\t\t\t\t\t\t<div class=\"elementor-toggle-item\">\n\t\t\t\t\t<div id=\"elementor-tab-title-1901\" class=\"elementor-tab-title\" data-tab=\"1\" role=\"tab\" aria-controls=\"elementor-tab-content-1901\" aria-expanded=\"false\">\n\t\t\t\t\t\t\t\t\t\t\t\t<span class=\"elementor-toggle-icon elementor-toggle-icon-left\" aria-hidden=\"true\">\n\t\t\t\t\t\t\t\t\t\t\t\t\t\t\t<span class=\"elementor-toggle-icon-closed\"><i class=\"fas fa-plus\"><\/i><\/span>\n\t\t\t\t\t\t\t\t<span class=\"elementor-toggle-icon-opened\"><i class=\"elementor-toggle-icon-opened fas fa-minus\"><\/i><\/span>\n\t\t\t\t\t\t\t\t\t\t\t\t\t<\/span>\n\t\t\t\t\t\t\t\t\t\t\t\t<a href=\"\" class=\"elementor-toggle-title\">9:00 - 10:00 Lecture: Vishwas Satgar (online)<\/a>\n\t\t\t\t\t<\/div>\n\n\t\t\t\t\t<div id=\"elementor-tab-content-1901\" class=\"elementor-tab-content elementor-clearfix\" data-tab=\"1\" role=\"tabpanel\" aria-labelledby=\"elementor-tab-title-1901\"><p><strong>Transitioning Beyond Planetary Eco-cide \u2013 Transformative Politics and the Commons Response<\/strong><br \/><br \/>Capitalism\u2019s accumulation through eco-cide (mass scale destruction of human and non-human life) has been unleashed on a planetary scale since the shift to industrial capitalism. Its roots lie deep in the colonial encounter and enclosures of the commons. Grounded in the binary of humans versus natural relations this logic has reached a point of even threatening to lock in a shift in a new state for the earth. Underpinning this is catastrophic impacts on human and non-human life forms, socio-ecological systems and processes. The current trajectory of accumulation through eco-cide threatens everything. In this context transformative politics has come to the fore offering a new imaginary and a new conception of the political while centering the importance of the commons (land, water, biodiversity, creative labour, energy, earth relations and the cybersphere) as crucial for deep just transitions at different scales. This lecture will explore the new transformative politics emerging from over three decades of resistance and will offer various examples, at different scales, that are transitioning the planetary beyond eco-cide.<\/p><\/div>\n\t\t\t\t<\/div>\n\t\t\t\t\t\t\t\t<\/div>\n\t\t\t\t<\/div>\n\t\t\t\t<\/div>\n\t\t\t\t<div class=\"elementor-element elementor-element-7432057 elementor-widget elementor-widget-toggle\" data-id=\"7432057\" data-element_type=\"widget\" data-widget_type=\"toggle.default\">\n\t\t\t\t<div class=\"elementor-widget-container\">\n\t\t\t\t\t<div class=\"elementor-toggle\" role=\"tablist\">\n\t\t\t\t\t\t\t<div class=\"elementor-toggle-item\">\n\t\t\t\t\t<div id=\"elementor-tab-title-1211\" class=\"elementor-tab-title\" data-tab=\"1\" role=\"tab\" aria-controls=\"elementor-tab-content-1211\" aria-expanded=\"false\">\n\t\t\t\t\t\t\t\t\t\t\t\t<span class=\"elementor-toggle-icon elementor-toggle-icon-left\" aria-hidden=\"true\">\n\t\t\t\t\t\t\t\t\t\t\t\t\t\t\t<span class=\"elementor-toggle-icon-closed\"><i class=\"fas fa-plus\"><\/i><\/span>\n\t\t\t\t\t\t\t\t<span class=\"elementor-toggle-icon-opened\"><i class=\"elementor-toggle-icon-opened fas fa-minus\"><\/i><\/span>\n\t\t\t\t\t\t\t\t\t\t\t\t\t<\/span>\n\t\t\t\t\t\t\t\t\t\t\t\t<a href=\"\" class=\"elementor-toggle-title\">10:00 - 11:00 Workshop: Maja Simoneti<\/a>\n\t\t\t\t\t<\/div>\n\n\t\t\t\t\t<div id=\"elementor-tab-content-1211\" class=\"elementor-tab-content elementor-clearfix\" data-tab=\"1\" role=\"tabpanel\" aria-labelledby=\"elementor-tab-title-1211\"><p><strong>Public participation in spatial planning: from right to need, from good practice to a participatory culture<\/strong><\/p><p>We will explore the practice of public participation in spatial planning and try to define, through different examples, how participation influences spatial planning and management, solutions, individuals and communities. A brief introduction and presentation of examples will be the starting point for a discussion on how to move quickly and effectively from the right and need to participate to good practices and a culture of participation. More and more examples of good practice nowadays support the idea that the participation of the citizens, the public and other stakeholders works in favour of problem solving and communities. Moreover, many public policy measures and recommendations are based on the concepts of stakeholder integration and participation in spatial planning. Yet, at the same time, we are constantly seeing boundaries being tested and the exclusion of the public in planning and management processes is a classic maneuver to pursue objectives that are not necessarily in the public interest. Civic initiatives are a side-effect, not an essential component of public participation in spatial planning.<\/p><\/div>\n\t\t\t\t<\/div>\n\t\t\t\t\t\t\t\t<\/div>\n\t\t\t\t<\/div>\n\t\t\t\t<\/div>\n\t\t\t\t<div class=\"elementor-element elementor-element-a53b71a elementor-widget elementor-widget-heading\" data-id=\"a53b71a\" data-element_type=\"widget\" data-widget_type=\"heading.default\">\n\t\t\t\t<div class=\"elementor-widget-container\">\n\t\t\t<h2 class=\"elementor-heading-title elementor-size-medium\">11:00 - 11:30 Coffee break<\/h2>\t\t<\/div>\n\t\t\t\t<\/div>\n\t\t\t\t<div class=\"elementor-element elementor-element-d8e31fc elementor-widget elementor-widget-toggle\" data-id=\"d8e31fc\" data-element_type=\"widget\" data-widget_type=\"toggle.default\">\n\t\t\t\t<div class=\"elementor-widget-container\">\n\t\t\t\t\t<div class=\"elementor-toggle\" role=\"tablist\">\n\t\t\t\t\t\t\t<div class=\"elementor-toggle-item\">\n\t\t\t\t\t<div id=\"elementor-tab-title-2271\" class=\"elementor-tab-title\" data-tab=\"1\" role=\"tab\" aria-controls=\"elementor-tab-content-2271\" aria-expanded=\"false\">\n\t\t\t\t\t\t\t\t\t\t\t\t<span class=\"elementor-toggle-icon elementor-toggle-icon-left\" aria-hidden=\"true\">\n\t\t\t\t\t\t\t\t\t\t\t\t\t\t\t<span class=\"elementor-toggle-icon-closed\"><i class=\"fas fa-plus\"><\/i><\/span>\n\t\t\t\t\t\t\t\t<span class=\"elementor-toggle-icon-opened\"><i class=\"elementor-toggle-icon-opened fas fa-minus\"><\/i><\/span>\n\t\t\t\t\t\t\t\t\t\t\t\t\t<\/span>\n\t\t\t\t\t\t\t\t\t\t\t\t<a href=\"\" class=\"elementor-toggle-title\">11:30 - 13:00 Closing General Discussion<\/a>\n\t\t\t\t\t<\/div>\n\n\t\t\t\t\t<div id=\"elementor-tab-content-2271\" class=\"elementor-tab-content elementor-clearfix\" data-tab=\"1\" role=\"tabpanel\" aria-labelledby=\"elementor-tab-title-2271\"><p>The closing discussion will reflect on the summer school, discuss new concepts and exchange ideas for future efforts toward a just green transition.<\/p><\/div>\n\t\t\t\t<\/div>\n\t\t\t\t\t\t\t\t<\/div>\n\t\t\t\t<\/div>\n\t\t\t\t<\/div>\n\t\t\t\t<div class=\"elementor-element elementor-element-01e11f5 elementor-widget elementor-widget-heading\" data-id=\"01e11f5\" data-element_type=\"widget\" data-widget_type=\"heading.default\">\n\t\t\t\t<div class=\"elementor-widget-container\">\n\t\t\t<h2 class=\"elementor-heading-title elementor-size-medium\">13:00 Lunch<\/h2>\t\t<\/div>\n\t\t\t\t<\/div>\n\t\t\t\t\t<\/div>\n\t\t<\/div>\n\t\t\t\t<div class=\"elementor-column elementor-col-50 elementor-top-column elementor-element elementor-element-a81be86\" data-id=\"a81be86\" data-element_type=\"column\">\n\t\t\t<div class=\"elementor-widget-wrap\">\n\t\t\t\t\t\t\t\t\t<\/div>\n\t\t<\/div>\n\t\t\t\t\t\t\t<\/div>\n\t\t<\/section>\n\t\t\t\t<section class=\"elementor-section elementor-top-section elementor-element elementor-element-6cbaa63 elementor-section-boxed elementor-section-height-default elementor-section-height-default\" data-id=\"6cbaa63\" data-element_type=\"section\">\n\t\t\t\t\t\t\t<div class=\"elementor-background-overlay\"><\/div>\n\t\t\t\t\t\t\t<div class=\"elementor-container elementor-column-gap-default\">\n\t\t\t\t\t<div class=\"elementor-column elementor-col-100 elementor-top-column elementor-element elementor-element-b39e1a9\" data-id=\"b39e1a9\" data-element_type=\"column\">\n\t\t\t<div class=\"elementor-widget-wrap elementor-element-populated\">\n\t\t\t\t\t\t\t\t<div class=\"elementor-element elementor-element-856b180 elementor-widget elementor-widget-heading\" data-id=\"856b180\" data-element_type=\"widget\" data-widget_type=\"heading.default\">\n\t\t\t\t<div class=\"elementor-widget-container\">\n\t\t\t<h2 class=\"elementor-heading-title elementor-size-xl\">LECTURERS<\/h2>\t\t<\/div>\n\t\t\t\t<\/div>\n\t\t\t\t\t<\/div>\n\t\t<\/div>\n\t\t\t\t\t\t\t<\/div>\n\t\t<\/section>\n\t\t\t\t<section class=\"elementor-section elementor-top-section elementor-element elementor-element-7647d45 elementor-section-boxed elementor-section-height-default elementor-section-height-default\" data-id=\"7647d45\" data-element_type=\"section\" data-settings=\"{&quot;background_background&quot;:&quot;classic&quot;}\">\n\t\t\t\t\t\t\t<div class=\"elementor-background-overlay\"><\/div>\n\t\t\t\t\t\t\t<div class=\"elementor-container elementor-column-gap-default\">\n\t\t\t\t\t<div class=\"elementor-column elementor-col-33 elementor-top-column elementor-element elementor-element-9fffead\" data-id=\"9fffead\" data-element_type=\"column\">\n\t\t\t<div class=\"elementor-widget-wrap elementor-element-populated\">\n\t\t\t\t\t\t\t\t<div class=\"elementor-element elementor-element-b253c62 elementor-widget elementor-widget-image\" data-id=\"b253c62\" data-element_type=\"widget\" data-widget_type=\"image.default\">\n\t\t\t\t<div class=\"elementor-widget-container\">\n\t\t\t\t\t\t\t\t\t\t\t\t\t\t\t<img width=\"1024\" height=\"1024\" src=\"https:\/\/www.politicalecology-ljubljana.si\/wp-content\/uploads\/2024\/06\/Meadway-EDIT-1024x1024.png\" class=\"attachment-large size-large\" alt=\"\" loading=\"lazy\" srcset=\"https:\/\/www.politicalecology-ljubljana.si\/wp-content\/uploads\/2024\/06\/Meadway-EDIT-1024x1024.png 1024w, https:\/\/www.politicalecology-ljubljana.si\/wp-content\/uploads\/2024\/06\/Meadway-EDIT-300x300.png 300w, https:\/\/www.politicalecology-ljubljana.si\/wp-content\/uploads\/2024\/06\/Meadway-EDIT-150x150.png 150w, https:\/\/www.politicalecology-ljubljana.si\/wp-content\/uploads\/2024\/06\/Meadway-EDIT-768x768.png 768w, https:\/\/www.politicalecology-ljubljana.si\/wp-content\/uploads\/2024\/06\/Meadway-EDIT-1536x1536.png 1536w, https:\/\/www.politicalecology-ljubljana.si\/wp-content\/uploads\/2024\/06\/Meadway-EDIT-2048x2048.png 2048w, https:\/\/www.politicalecology-ljubljana.si\/wp-content\/uploads\/2024\/06\/Meadway-EDIT-12x12.png 12w\" sizes=\"(max-width: 1024px) 100vw, 1024px\" \/>\t\t\t\t\t\t\t\t\t\t\t\t\t\t\t<\/div>\n\t\t\t\t<\/div>\n\t\t\t\t<div class=\"elementor-element elementor-element-889b659 elementor-widget elementor-widget-heading\" data-id=\"889b659\" data-element_type=\"widget\" data-widget_type=\"heading.default\">\n\t\t\t\t<div class=\"elementor-widget-container\">\n\t\t\t<h2 class=\"elementor-heading-title elementor-size-default\">James Meadway<\/h2>\t\t<\/div>\n\t\t\t\t<\/div>\n\t\t\t\t<div class=\"elementor-element elementor-element-8c22c56 elementor-widget elementor-widget-text-editor\" data-id=\"8c22c56\" data-element_type=\"widget\" data-widget_type=\"text-editor.default\">\n\t\t\t\t<div class=\"elementor-widget-container\">\n\t\t\t\t\t\t\t<p>is an economist and host of the weekly Macrodose podcast. He was previously economic advisor to the Shadow Chancellor, chief economist at the New Economics Foundation, and director of the Progressive Economy Forum. He has written widely on economics and the environmental crisis.<\/p>\t\t\t\t\t\t<\/div>\n\t\t\t\t<\/div>\n\t\t\t\t<div class=\"elementor-element elementor-element-6a87ce1 elementor-widget elementor-widget-image\" data-id=\"6a87ce1\" data-element_type=\"widget\" data-widget_type=\"image.default\">\n\t\t\t\t<div class=\"elementor-widget-container\">\n\t\t\t\t\t\t\t\t\t\t\t\t\t\t\t<img width=\"500\" height=\"500\" src=\"https:\/\/www.politicalecology-ljubljana.si\/wp-content\/uploads\/2024\/06\/Izdelek-brez-naslova.png\" class=\"attachment-large size-large\" alt=\"\" loading=\"lazy\" srcset=\"https:\/\/www.politicalecology-ljubljana.si\/wp-content\/uploads\/2024\/06\/Izdelek-brez-naslova.png 500w, https:\/\/www.politicalecology-ljubljana.si\/wp-content\/uploads\/2024\/06\/Izdelek-brez-naslova-300x300.png 300w, https:\/\/www.politicalecology-ljubljana.si\/wp-content\/uploads\/2024\/06\/Izdelek-brez-naslova-150x150.png 150w, https:\/\/www.politicalecology-ljubljana.si\/wp-content\/uploads\/2024\/06\/Izdelek-brez-naslova-12x12.png 12w\" sizes=\"(max-width: 500px) 100vw, 500px\" \/>\t\t\t\t\t\t\t\t\t\t\t\t\t\t\t<\/div>\n\t\t\t\t<\/div>\n\t\t\t\t<div class=\"elementor-element elementor-element-489f4c0 elementor-widget elementor-widget-heading\" data-id=\"489f4c0\" data-element_type=\"widget\" data-widget_type=\"heading.default\">\n\t\t\t\t<div class=\"elementor-widget-container\">\n\t\t\t<h2 class=\"elementor-heading-title elementor-size-default\">Maja Simoneti<\/h2>\t\t<\/div>\n\t\t\t\t<\/div>\n\t\t\t\t<div class=\"elementor-element elementor-element-233e76c elementor-widget elementor-widget-text-editor\" data-id=\"233e76c\" data-element_type=\"widget\" data-widget_type=\"text-editor.default\">\n\t\t\t\t<div class=\"elementor-widget-container\">\n\t\t\t\t\t\t\t<p>is a landscape architect with a Phd in urbanism and spatial planning. She works as a project manager at IPoP - the Institute for Spatial Policy in Ljubljana, which is active in different roles in a broad field of sustainable urban development. As a researcher, in addition to public green spaces, she is particularly interested in system solutions and public participation in spatial planning and management. Recently, she has been working extensively on solutions for walkable, healthy, and resilient cities and communities.<\/p>\t\t\t\t\t\t<\/div>\n\t\t\t\t<\/div>\n\t\t\t\t<div class=\"elementor-element elementor-element-ce39a1a elementor-widget elementor-widget-image\" data-id=\"ce39a1a\" data-element_type=\"widget\" data-widget_type=\"image.default\">\n\t\t\t\t<div class=\"elementor-widget-container\">\n\t\t\t\t\t\t\t\t\t\t\t\t\t\t\t<img width=\"1024\" height=\"1024\" src=\"https:\/\/www.politicalecology-ljubljana.si\/wp-content\/uploads\/2024\/06\/ebf38f79-19d6-4a89-aac3-c2ad032e4dd6-1-1024x1024.png\" class=\"attachment-large size-large\" alt=\"\" loading=\"lazy\" srcset=\"https:\/\/www.politicalecology-ljubljana.si\/wp-content\/uploads\/2024\/06\/ebf38f79-19d6-4a89-aac3-c2ad032e4dd6-1-1024x1024.png 1024w, https:\/\/www.politicalecology-ljubljana.si\/wp-content\/uploads\/2024\/06\/ebf38f79-19d6-4a89-aac3-c2ad032e4dd6-1-300x300.png 300w, https:\/\/www.politicalecology-ljubljana.si\/wp-content\/uploads\/2024\/06\/ebf38f79-19d6-4a89-aac3-c2ad032e4dd6-1-150x150.png 150w, https:\/\/www.politicalecology-ljubljana.si\/wp-content\/uploads\/2024\/06\/ebf38f79-19d6-4a89-aac3-c2ad032e4dd6-1-768x767.png 768w, https:\/\/www.politicalecology-ljubljana.si\/wp-content\/uploads\/2024\/06\/ebf38f79-19d6-4a89-aac3-c2ad032e4dd6-1-1536x1536.png 1536w, https:\/\/www.politicalecology-ljubljana.si\/wp-content\/uploads\/2024\/06\/ebf38f79-19d6-4a89-aac3-c2ad032e4dd6-1-2048x2046.png 2048w, https:\/\/www.politicalecology-ljubljana.si\/wp-content\/uploads\/2024\/06\/ebf38f79-19d6-4a89-aac3-c2ad032e4dd6-1-12x12.png 12w\" sizes=\"(max-width: 1024px) 100vw, 1024px\" \/>\t\t\t\t\t\t\t\t\t\t\t\t\t\t\t<\/div>\n\t\t\t\t<\/div>\n\t\t\t\t<div class=\"elementor-element elementor-element-e827b36 elementor-widget elementor-widget-heading\" data-id=\"e827b36\" data-element_type=\"widget\" data-widget_type=\"heading.default\">\n\t\t\t\t<div class=\"elementor-widget-container\">\n\t\t\t<h2 class=\"elementor-heading-title elementor-size-default\">Maura Benegiamo<\/h2>\t\t<\/div>\n\t\t\t\t<\/div>\n\t\t\t\t<div class=\"elementor-element elementor-element-b49984d elementor-widget elementor-widget-text-editor\" data-id=\"b49984d\" data-element_type=\"widget\" data-widget_type=\"text-editor.default\">\n\t\t\t\t<div class=\"elementor-widget-container\">\n\t\t\t\t\t\t\t<p>is a researcher in economic sociology and labour studies at the Department of Political Science, University of Pisa. She is interested in political ecology and capitalist transformations in the context of ecological crisis; biocapitalism and neoliberal governance, and de-colonial approaches. She has conducted research on environmental conflicts, extractivism and land grabbing, preparedness, development and technoscientific \u200einnovations. She is currently leading a research project on just transition and digital agriculture in Italy.<\/p>\t\t\t\t\t\t<\/div>\n\t\t\t\t<\/div>\n\t\t\t\t<div class=\"elementor-element elementor-element-833d27d elementor-widget elementor-widget-image\" data-id=\"833d27d\" data-element_type=\"widget\" data-widget_type=\"image.default\">\n\t\t\t\t<div class=\"elementor-widget-container\">\n\t\t\t\t\t\t\t\t\t\t\t\t\t\t\t<img width=\"1024\" height=\"1024\" src=\"https:\/\/www.politicalecology-ljubljana.si\/wp-content\/uploads\/2024\/06\/43bb107b-39ef-42c8-aa47-ebe07d812fc0-1024x1024.png\" class=\"attachment-large size-large\" alt=\"\" loading=\"lazy\" srcset=\"https:\/\/www.politicalecology-ljubljana.si\/wp-content\/uploads\/2024\/06\/43bb107b-39ef-42c8-aa47-ebe07d812fc0-1024x1024.png 1024w, https:\/\/www.politicalecology-ljubljana.si\/wp-content\/uploads\/2024\/06\/43bb107b-39ef-42c8-aa47-ebe07d812fc0-300x300.png 300w, https:\/\/www.politicalecology-ljubljana.si\/wp-content\/uploads\/2024\/06\/43bb107b-39ef-42c8-aa47-ebe07d812fc0-150x150.png 150w, https:\/\/www.politicalecology-ljubljana.si\/wp-content\/uploads\/2024\/06\/43bb107b-39ef-42c8-aa47-ebe07d812fc0-768x768.png 768w, https:\/\/www.politicalecology-ljubljana.si\/wp-content\/uploads\/2024\/06\/43bb107b-39ef-42c8-aa47-ebe07d812fc0-1536x1536.png 1536w, https:\/\/www.politicalecology-ljubljana.si\/wp-content\/uploads\/2024\/06\/43bb107b-39ef-42c8-aa47-ebe07d812fc0-2048x2048.png 2048w, https:\/\/www.politicalecology-ljubljana.si\/wp-content\/uploads\/2024\/06\/43bb107b-39ef-42c8-aa47-ebe07d812fc0-12x12.png 12w\" sizes=\"(max-width: 1024px) 100vw, 1024px\" \/>\t\t\t\t\t\t\t\t\t\t\t\t\t\t\t<\/div>\n\t\t\t\t<\/div>\n\t\t\t\t<div class=\"elementor-element elementor-element-f2c128f elementor-widget elementor-widget-heading\" data-id=\"f2c128f\" data-element_type=\"widget\" data-widget_type=\"heading.default\">\n\t\t\t\t<div class=\"elementor-widget-container\">\n\t\t\t<h2 class=\"elementor-heading-title elementor-size-default\">Ana\u00efs Varo Barranco<\/h2>\t\t<\/div>\n\t\t\t\t<\/div>\n\t\t\t\t<div class=\"elementor-element elementor-element-aca64f2 elementor-widget elementor-widget-text-editor\" data-id=\"aca64f2\" data-element_type=\"widget\" data-widget_type=\"text-editor.default\">\n\t\t\t\t<div class=\"elementor-widget-container\">\n\t\t\t\t\t\t\t<p>is a lecturer in Political Science and a researcher for the Horizon Europe project Reschool. She holds a Ph.D. in Politics, Institutions, and Public Policies from the University of Girona, and a Master's in Citizenship and Human Rights from the University of Barcelona. She has conducted international research at the Autonomous Metropolitan University (Mexico), Ecofys (Netherlands), and Northeastern University (USA) as a Fulbright Scholar in 2019-2020. Her research interests include sustainable urban development, energy commoning, energy communities, citizen engagement, and energy justice.<\/p>\t\t\t\t\t\t<\/div>\n\t\t\t\t<\/div>\n\t\t\t\t<div class=\"elementor-element elementor-element-cc91fe0 elementor-widget elementor-widget-image\" data-id=\"cc91fe0\" data-element_type=\"widget\" data-widget_type=\"image.default\">\n\t\t\t\t<div class=\"elementor-widget-container\">\n\t\t\t\t\t\t\t\t\t\t\t\t\t\t\t<img width=\"720\" height=\"720\" src=\"https:\/\/www.politicalecology-ljubljana.si\/wp-content\/uploads\/2024\/06\/51af9ea5-2eb7-4f09-b9f6-0f75f6e5ea1c.png\" class=\"attachment-large size-large\" alt=\"\" loading=\"lazy\" srcset=\"https:\/\/www.politicalecology-ljubljana.si\/wp-content\/uploads\/2024\/06\/51af9ea5-2eb7-4f09-b9f6-0f75f6e5ea1c.png 720w, https:\/\/www.politicalecology-ljubljana.si\/wp-content\/uploads\/2024\/06\/51af9ea5-2eb7-4f09-b9f6-0f75f6e5ea1c-300x300.png 300w, https:\/\/www.politicalecology-ljubljana.si\/wp-content\/uploads\/2024\/06\/51af9ea5-2eb7-4f09-b9f6-0f75f6e5ea1c-150x150.png 150w, https:\/\/www.politicalecology-ljubljana.si\/wp-content\/uploads\/2024\/06\/51af9ea5-2eb7-4f09-b9f6-0f75f6e5ea1c-12x12.png 12w\" sizes=\"(max-width: 720px) 100vw, 720px\" \/>\t\t\t\t\t\t\t\t\t\t\t\t\t\t\t<\/div>\n\t\t\t\t<\/div>\n\t\t\t\t<div class=\"elementor-element elementor-element-dc2295a elementor-widget elementor-widget-heading\" data-id=\"dc2295a\" data-element_type=\"widget\" data-widget_type=\"heading.default\">\n\t\t\t\t<div class=\"elementor-widget-container\">\n\t\t\t<h2 class=\"elementor-heading-title elementor-size-default\">Marko Funkl<\/h2>\t\t<\/div>\n\t\t\t\t<\/div>\n\t\t\t\t<div class=\"elementor-element elementor-element-03847dd elementor-widget elementor-widget-text-editor\" data-id=\"03847dd\" data-element_type=\"widget\" data-widget_type=\"text-editor.default\">\n\t\t\t\t<div class=\"elementor-widget-container\">\n\t\t\t\t\t\t\t<p>is currently serving his second term as Mayor of Hrastnik. He has put green transition and social inclusion at the heart of the development of this former mining town. Before taking office as Mayor, he was involved in the trade union and cooperative movement for many years and was generally active in the social field. This year, the first cooperative self-sustaining community power plant was built on the roof of a primary school in Hrastnik, paving the way for the development of community energy solutions in Slovenia.<\/p>\t\t\t\t\t\t<\/div>\n\t\t\t\t<\/div>\n\t\t\t\t\t<\/div>\n\t\t<\/div>\n\t\t\t\t<div class=\"elementor-column elementor-col-33 elementor-top-column elementor-element elementor-element-36127c0\" data-id=\"36127c0\" data-element_type=\"column\">\n\t\t\t<div class=\"elementor-widget-wrap elementor-element-populated\">\n\t\t\t\t\t\t\t\t<div class=\"elementor-element elementor-element-f47d346 elementor-widget elementor-widget-image\" data-id=\"f47d346\" data-element_type=\"widget\" data-widget_type=\"image.default\">\n\t\t\t\t<div class=\"elementor-widget-container\">\n\t\t\t\t\t\t\t\t\t\t\t\t\t\t\t<img width=\"1024\" height=\"1024\" src=\"https:\/\/www.politicalecology-ljubljana.si\/wp-content\/uploads\/2024\/06\/ea685e67-3259-4d8e-a46c-49f49acacd49-1024x1024.png\" class=\"attachment-large size-large\" alt=\"\" loading=\"lazy\" srcset=\"https:\/\/www.politicalecology-ljubljana.si\/wp-content\/uploads\/2024\/06\/ea685e67-3259-4d8e-a46c-49f49acacd49-1024x1024.png 1024w, https:\/\/www.politicalecology-ljubljana.si\/wp-content\/uploads\/2024\/06\/ea685e67-3259-4d8e-a46c-49f49acacd49-300x300.png 300w, https:\/\/www.politicalecology-ljubljana.si\/wp-content\/uploads\/2024\/06\/ea685e67-3259-4d8e-a46c-49f49acacd49-150x150.png 150w, https:\/\/www.politicalecology-ljubljana.si\/wp-content\/uploads\/2024\/06\/ea685e67-3259-4d8e-a46c-49f49acacd49-768x767.png 768w, https:\/\/www.politicalecology-ljubljana.si\/wp-content\/uploads\/2024\/06\/ea685e67-3259-4d8e-a46c-49f49acacd49-12x12.png 12w, https:\/\/www.politicalecology-ljubljana.si\/wp-content\/uploads\/2024\/06\/ea685e67-3259-4d8e-a46c-49f49acacd49.png 1144w\" sizes=\"(max-width: 1024px) 100vw, 1024px\" \/>\t\t\t\t\t\t\t\t\t\t\t\t\t\t\t<\/div>\n\t\t\t\t<\/div>\n\t\t\t\t<div class=\"elementor-element elementor-element-c096c30 elementor-widget elementor-widget-heading\" data-id=\"c096c30\" data-element_type=\"widget\" data-widget_type=\"heading.default\">\n\t\t\t\t<div class=\"elementor-widget-container\">\n\t\t\t<h2 class=\"elementor-heading-title elementor-size-default\">Giustina Selvelli<\/h2>\t\t<\/div>\n\t\t\t\t<\/div>\n\t\t\t\t<div class=\"elementor-element elementor-element-1824f33 elementor-widget elementor-widget-text-editor\" data-id=\"1824f33\" data-element_type=\"widget\" data-widget_type=\"text-editor.default\">\n\t\t\t\t<div class=\"elementor-widget-container\">\n\t\t\t\t\t\t\t<p>is an anthropologist, writer and activist from the University of Ljubljana. Her work deals with issues concerning vulnerable ethnic minorities in the wide Eastern European space, with a special sensitivity towards endangered languages and environments.<\/p>\t\t\t\t\t\t<\/div>\n\t\t\t\t<\/div>\n\t\t\t\t<div class=\"elementor-element elementor-element-868a9c6 elementor-widget elementor-widget-image\" data-id=\"868a9c6\" data-element_type=\"widget\" data-widget_type=\"image.default\">\n\t\t\t\t<div class=\"elementor-widget-container\">\n\t\t\t\t\t\t\t\t\t\t\t\t\t\t\t<img width=\"1024\" height=\"1024\" src=\"https:\/\/www.politicalecology-ljubljana.si\/wp-content\/uploads\/2024\/06\/958afa9e-9e46-4916-84b3-6f6305febc93-1024x1024.png\" class=\"attachment-large size-large\" alt=\"\" loading=\"lazy\" srcset=\"https:\/\/www.politicalecology-ljubljana.si\/wp-content\/uploads\/2024\/06\/958afa9e-9e46-4916-84b3-6f6305febc93-1024x1024.png 1024w, https:\/\/www.politicalecology-ljubljana.si\/wp-content\/uploads\/2024\/06\/958afa9e-9e46-4916-84b3-6f6305febc93-300x300.png 300w, https:\/\/www.politicalecology-ljubljana.si\/wp-content\/uploads\/2024\/06\/958afa9e-9e46-4916-84b3-6f6305febc93-150x150.png 150w, https:\/\/www.politicalecology-ljubljana.si\/wp-content\/uploads\/2024\/06\/958afa9e-9e46-4916-84b3-6f6305febc93-768x767.png 768w, https:\/\/www.politicalecology-ljubljana.si\/wp-content\/uploads\/2024\/06\/958afa9e-9e46-4916-84b3-6f6305febc93-1536x1536.png 1536w, https:\/\/www.politicalecology-ljubljana.si\/wp-content\/uploads\/2024\/06\/958afa9e-9e46-4916-84b3-6f6305febc93-2048x2046.png 2048w, https:\/\/www.politicalecology-ljubljana.si\/wp-content\/uploads\/2024\/06\/958afa9e-9e46-4916-84b3-6f6305febc93-12x12.png 12w\" sizes=\"(max-width: 1024px) 100vw, 1024px\" \/>\t\t\t\t\t\t\t\t\t\t\t\t\t\t\t<\/div>\n\t\t\t\t<\/div>\n\t\t\t\t<div class=\"elementor-element elementor-element-0734691 elementor-widget elementor-widget-heading\" data-id=\"0734691\" data-element_type=\"widget\" data-widget_type=\"heading.default\">\n\t\t\t\t<div class=\"elementor-widget-container\">\n\t\t\t<h2 class=\"elementor-heading-title elementor-size-default\">Marissa Garc\u00eda-Lamarca<\/h2>\t\t<\/div>\n\t\t\t\t<\/div>\n\t\t\t\t<div class=\"elementor-element elementor-element-fd47394 elementor-widget elementor-widget-text-editor\" data-id=\"fd47394\" data-element_type=\"widget\" data-widget_type=\"text-editor.default\">\n\t\t\t\t<div class=\"elementor-widget-container\">\n\t\t\t\t\t\t\t<p>is an Associate Senior Lecturer at the Lund University Centre for Sustainability Studies in Sweden. Her research unpacks housing injustices and urban green inequalities, where she considers both political economic\/financial processes and situated, everyday lived experience as ways to help imagine and enact more emancipatory, just urban futures.<\/p>\t\t\t\t\t\t<\/div>\n\t\t\t\t<\/div>\n\t\t\t\t<div class=\"elementor-element elementor-element-2964b3d elementor-widget elementor-widget-image\" data-id=\"2964b3d\" data-element_type=\"widget\" data-widget_type=\"image.default\">\n\t\t\t\t<div class=\"elementor-widget-container\">\n\t\t\t\t\t\t\t\t\t\t\t\t\t\t\t<img width=\"1024\" height=\"1024\" src=\"https:\/\/www.politicalecology-ljubljana.si\/wp-content\/uploads\/2024\/06\/d6793a3b-37c7-4fe1-a0e7-b75f561ef9f2-1024x1024.png\" class=\"attachment-large size-large\" alt=\"\" loading=\"lazy\" srcset=\"https:\/\/www.politicalecology-ljubljana.si\/wp-content\/uploads\/2024\/06\/d6793a3b-37c7-4fe1-a0e7-b75f561ef9f2-1024x1024.png 1024w, https:\/\/www.politicalecology-ljubljana.si\/wp-content\/uploads\/2024\/06\/d6793a3b-37c7-4fe1-a0e7-b75f561ef9f2-300x300.png 300w, https:\/\/www.politicalecology-ljubljana.si\/wp-content\/uploads\/2024\/06\/d6793a3b-37c7-4fe1-a0e7-b75f561ef9f2-150x150.png 150w, https:\/\/www.politicalecology-ljubljana.si\/wp-content\/uploads\/2024\/06\/d6793a3b-37c7-4fe1-a0e7-b75f561ef9f2-768x768.png 768w, https:\/\/www.politicalecology-ljubljana.si\/wp-content\/uploads\/2024\/06\/d6793a3b-37c7-4fe1-a0e7-b75f561ef9f2-1536x1536.png 1536w, https:\/\/www.politicalecology-ljubljana.si\/wp-content\/uploads\/2024\/06\/d6793a3b-37c7-4fe1-a0e7-b75f561ef9f2-2048x2048.png 2048w, https:\/\/www.politicalecology-ljubljana.si\/wp-content\/uploads\/2024\/06\/d6793a3b-37c7-4fe1-a0e7-b75f561ef9f2-12x12.png 12w\" sizes=\"(max-width: 1024px) 100vw, 1024px\" \/>\t\t\t\t\t\t\t\t\t\t\t\t\t\t\t<\/div>\n\t\t\t\t<\/div>\n\t\t\t\t<div class=\"elementor-element elementor-element-92c6521 elementor-widget elementor-widget-heading\" data-id=\"92c6521\" data-element_type=\"widget\" data-widget_type=\"heading.default\">\n\t\t\t\t<div class=\"elementor-widget-container\">\n\t\t\t<h2 class=\"elementor-heading-title elementor-size-default\">Vishwas Satgar<\/h2>\t\t<\/div>\n\t\t\t\t<\/div>\n\t\t\t\t<div class=\"elementor-element elementor-element-0722239 elementor-widget elementor-widget-text-editor\" data-id=\"0722239\" data-element_type=\"widget\" data-widget_type=\"text-editor.default\">\n\t\t\t\t<div class=\"elementor-widget-container\">\n\t\t\t\t\t\t\t<p>is an Associate Professor of International Relations, editor of the Democratic Marxism Series and principal investigator for Emancipatory Futures Studies in the Anthropocene at the University of the Witwatersrand, South Africa. He is a veteran activist and co-founder of the South African Food Sovereignty Campaign and Climate Justice Charter Movement. His recent book is titled: A Love Letter to the Many \u2013 Arguments for Transformative Left Politics in South Africa.<\/p>\t\t\t\t\t\t<\/div>\n\t\t\t\t<\/div>\n\t\t\t\t<div class=\"elementor-element elementor-element-1a020b7 elementor-widget elementor-widget-image\" data-id=\"1a020b7\" data-element_type=\"widget\" data-widget_type=\"image.default\">\n\t\t\t\t<div class=\"elementor-widget-container\">\n\t\t\t\t\t\t\t\t\t\t\t\t\t\t\t<img width=\"1024\" height=\"1024\" src=\"https:\/\/www.politicalecology-ljubljana.si\/wp-content\/uploads\/2024\/06\/03ae34b6-e952-4687-9c2b-4fb5cf19153e-1024x1024.png\" class=\"attachment-large size-large\" alt=\"\" loading=\"lazy\" srcset=\"https:\/\/www.politicalecology-ljubljana.si\/wp-content\/uploads\/2024\/06\/03ae34b6-e952-4687-9c2b-4fb5cf19153e-1024x1024.png 1024w, https:\/\/www.politicalecology-ljubljana.si\/wp-content\/uploads\/2024\/06\/03ae34b6-e952-4687-9c2b-4fb5cf19153e-300x300.png 300w, https:\/\/www.politicalecology-ljubljana.si\/wp-content\/uploads\/2024\/06\/03ae34b6-e952-4687-9c2b-4fb5cf19153e-150x150.png 150w, https:\/\/www.politicalecology-ljubljana.si\/wp-content\/uploads\/2024\/06\/03ae34b6-e952-4687-9c2b-4fb5cf19153e-768x768.png 768w, https:\/\/www.politicalecology-ljubljana.si\/wp-content\/uploads\/2024\/06\/03ae34b6-e952-4687-9c2b-4fb5cf19153e-12x12.png 12w, https:\/\/www.politicalecology-ljubljana.si\/wp-content\/uploads\/2024\/06\/03ae34b6-e952-4687-9c2b-4fb5cf19153e.png 1512w\" sizes=\"(max-width: 1024px) 100vw, 1024px\" \/>\t\t\t\t\t\t\t\t\t\t\t\t\t\t\t<\/div>\n\t\t\t\t<\/div>\n\t\t\t\t<div class=\"elementor-element elementor-element-e4802a2 elementor-widget elementor-widget-heading\" data-id=\"e4802a2\" data-element_type=\"widget\" data-widget_type=\"heading.default\">\n\t\t\t\t<div class=\"elementor-widget-container\">\n\t\t\t<h2 class=\"elementor-heading-title elementor-size-default\">Lavinia Steinfort<\/h2>\t\t<\/div>\n\t\t\t\t<\/div>\n\t\t\t\t<div class=\"elementor-element elementor-element-3497c52 elementor-widget elementor-widget-text-editor\" data-id=\"3497c52\" data-element_type=\"widget\" data-widget_type=\"text-editor.default\">\n\t\t\t\t<div class=\"elementor-widget-container\">\n\t\t\t\t\t\t\t<p>is a feminist socialist, political geographer and researcher at the Transnational Institute. She is the Coordinator of TNI\u2019s Public Alternatives project, which focuses on (re)municipalisation of public services, a just transition towards energy democracy and transforming finance for the 99%. Her latest publications are titled \u2018Green\u2019 Multinationals Exposed, Energy Transition Mythbusters and the Progressive Public Procurement Toolkit.<\/p>\t\t\t\t\t\t<\/div>\n\t\t\t\t<\/div>\n\t\t\t\t<div class=\"elementor-element elementor-element-d68c6c9 elementor-widget elementor-widget-image\" data-id=\"d68c6c9\" data-element_type=\"widget\" data-widget_type=\"image.default\">\n\t\t\t\t<div class=\"elementor-widget-container\">\n\t\t\t\t\t\t\t\t\t\t\t\t\t\t\t<img width=\"1024\" height=\"1024\" src=\"https:\/\/www.politicalecology-ljubljana.si\/wp-content\/uploads\/2024\/06\/bb43dec9-f3f2-4347-a303-689adabc175b-1024x1024.png\" class=\"attachment-large size-large\" alt=\"\" loading=\"lazy\" srcset=\"https:\/\/www.politicalecology-ljubljana.si\/wp-content\/uploads\/2024\/06\/bb43dec9-f3f2-4347-a303-689adabc175b-1024x1024.png 1024w, https:\/\/www.politicalecology-ljubljana.si\/wp-content\/uploads\/2024\/06\/bb43dec9-f3f2-4347-a303-689adabc175b-300x300.png 300w, https:\/\/www.politicalecology-ljubljana.si\/wp-content\/uploads\/2024\/06\/bb43dec9-f3f2-4347-a303-689adabc175b-150x150.png 150w, https:\/\/www.politicalecology-ljubljana.si\/wp-content\/uploads\/2024\/06\/bb43dec9-f3f2-4347-a303-689adabc175b-768x768.png 768w, https:\/\/www.politicalecology-ljubljana.si\/wp-content\/uploads\/2024\/06\/bb43dec9-f3f2-4347-a303-689adabc175b-1536x1536.png 1536w, https:\/\/www.politicalecology-ljubljana.si\/wp-content\/uploads\/2024\/06\/bb43dec9-f3f2-4347-a303-689adabc175b-12x12.png 12w, https:\/\/www.politicalecology-ljubljana.si\/wp-content\/uploads\/2024\/06\/bb43dec9-f3f2-4347-a303-689adabc175b.png 1919w\" sizes=\"(max-width: 1024px) 100vw, 1024px\" \/>\t\t\t\t\t\t\t\t\t\t\t\t\t\t\t<\/div>\n\t\t\t\t<\/div>\n\t\t\t\t<div class=\"elementor-element elementor-element-d5d4c7a elementor-widget elementor-widget-heading\" data-id=\"d5d4c7a\" data-element_type=\"widget\" data-widget_type=\"heading.default\">\n\t\t\t\t<div class=\"elementor-widget-container\">\n\t\t\t<h2 class=\"elementor-heading-title elementor-size-default\">Chris Vrettos<\/h2>\t\t<\/div>\n\t\t\t\t<\/div>\n\t\t\t\t<div class=\"elementor-element elementor-element-0b8bcf9 elementor-widget elementor-widget-text-editor\" data-id=\"0b8bcf9\" data-element_type=\"widget\" data-widget_type=\"text-editor.default\">\n\t\t\t\t<div class=\"elementor-widget-container\">\n\t\t\t\t\t\t\t<p>works for REScoop.eu, the European Federation of Energy Cooperatives, and Electra Energy (Greece). Both organisations promote the active engagement of citizens in renewable energy production in Europe. He has worked on multiple research programs as an assistant, on topics such as the EU Green Deal and degrowth. He\u2019s interested in international climate politics and journalism and has attended multiple UNFCCC COPs.<br><\/p>\t\t\t\t\t\t<\/div>\n\t\t\t\t<\/div>\n\t\t\t\t\t<\/div>\n\t\t<\/div>\n\t\t\t\t<div class=\"elementor-column elementor-col-33 elementor-top-column elementor-element elementor-element-699bd2a\" data-id=\"699bd2a\" data-element_type=\"column\">\n\t\t\t<div class=\"elementor-widget-wrap elementor-element-populated\">\n\t\t\t\t\t\t\t\t<div class=\"elementor-element elementor-element-a6159e8 elementor-widget elementor-widget-image\" data-id=\"a6159e8\" data-element_type=\"widget\" data-widget_type=\"image.default\">\n\t\t\t\t<div class=\"elementor-widget-container\">\n\t\t\t\t\t\t\t\t\t\t\t\t\t\t\t<img width=\"735\" height=\"735\" src=\"https:\/\/www.politicalecology-ljubljana.si\/wp-content\/uploads\/2024\/06\/2b94ff93-7026-4502-8a0a-f9dc266af9c5-1.png\" class=\"attachment-large size-large\" alt=\"\" loading=\"lazy\" srcset=\"https:\/\/www.politicalecology-ljubljana.si\/wp-content\/uploads\/2024\/06\/2b94ff93-7026-4502-8a0a-f9dc266af9c5-1.png 735w, https:\/\/www.politicalecology-ljubljana.si\/wp-content\/uploads\/2024\/06\/2b94ff93-7026-4502-8a0a-f9dc266af9c5-1-300x300.png 300w, https:\/\/www.politicalecology-ljubljana.si\/wp-content\/uploads\/2024\/06\/2b94ff93-7026-4502-8a0a-f9dc266af9c5-1-150x150.png 150w, https:\/\/www.politicalecology-ljubljana.si\/wp-content\/uploads\/2024\/06\/2b94ff93-7026-4502-8a0a-f9dc266af9c5-1-12x12.png 12w\" sizes=\"(max-width: 735px) 100vw, 735px\" \/>\t\t\t\t\t\t\t\t\t\t\t\t\t\t\t<\/div>\n\t\t\t\t<\/div>\n\t\t\t\t<div class=\"elementor-element elementor-element-0c4ce0f elementor-widget elementor-widget-heading\" data-id=\"0c4ce0f\" data-element_type=\"widget\" data-widget_type=\"heading.default\">\n\t\t\t\t<div class=\"elementor-widget-container\">\n\t\t\t<h2 class=\"elementor-heading-title elementor-size-default\">Gareth Dale<\/h2>\t\t<\/div>\n\t\t\t\t<\/div>\n\t\t\t\t<div class=\"elementor-element elementor-element-1ad932c elementor-widget elementor-widget-text-editor\" data-id=\"1ad932c\" data-element_type=\"widget\" data-widget_type=\"text-editor.default\">\n\t\t\t\t<div class=\"elementor-widget-container\">\n\t\t\t\t\t\t\t<p>teaches politics at Brunel University. His books include several on the GDR and Eastern Europe, several on the life and work of Karl Polanyi, as well as edited volumes on green growth, international migration, and revolutions in the neoliberal age. His essays on green growth, degrowth, and the green transition have appeared in The Conversation, The Ecologist, Truthout, The Green European Journal, Open Democracy, Spectre, Jacobin, and International Socialist Review.\u00a0 <\/p>\t\t\t\t\t\t<\/div>\n\t\t\t\t<\/div>\n\t\t\t\t<div class=\"elementor-element elementor-element-0045fc4 elementor-widget elementor-widget-image\" data-id=\"0045fc4\" data-element_type=\"widget\" data-widget_type=\"image.default\">\n\t\t\t\t<div class=\"elementor-widget-container\">\n\t\t\t\t\t\t\t\t\t\t\t\t\t\t\t<img width=\"583\" height=\"583\" src=\"https:\/\/www.politicalecology-ljubljana.si\/wp-content\/uploads\/2024\/06\/dfd35dc0-99a4-4bff-94c4-f73dad1b37ee.png\" class=\"attachment-large size-large\" alt=\"\" loading=\"lazy\" srcset=\"https:\/\/www.politicalecology-ljubljana.si\/wp-content\/uploads\/2024\/06\/dfd35dc0-99a4-4bff-94c4-f73dad1b37ee.png 583w, https:\/\/www.politicalecology-ljubljana.si\/wp-content\/uploads\/2024\/06\/dfd35dc0-99a4-4bff-94c4-f73dad1b37ee-300x300.png 300w, https:\/\/www.politicalecology-ljubljana.si\/wp-content\/uploads\/2024\/06\/dfd35dc0-99a4-4bff-94c4-f73dad1b37ee-150x150.png 150w, https:\/\/www.politicalecology-ljubljana.si\/wp-content\/uploads\/2024\/06\/dfd35dc0-99a4-4bff-94c4-f73dad1b37ee-12x12.png 12w\" sizes=\"(max-width: 583px) 100vw, 583px\" \/>\t\t\t\t\t\t\t\t\t\t\t\t\t\t\t<\/div>\n\t\t\t\t<\/div>\n\t\t\t\t<div class=\"elementor-element elementor-element-ed771a5 elementor-widget elementor-widget-heading\" data-id=\"ed771a5\" data-element_type=\"widget\" data-widget_type=\"heading.default\">\n\t\t\t\t<div class=\"elementor-widget-container\">\n\t\t\t<h2 class=\"elementor-heading-title elementor-size-default\">Martin Valinger<\/h2>\t\t<\/div>\n\t\t\t\t<\/div>\n\t\t\t\t<div class=\"elementor-element elementor-element-924c0b7 elementor-widget elementor-widget-text-editor\" data-id=\"924c0b7\" data-element_type=\"widget\" data-widget_type=\"text-editor.default\">\n\t\t\t\t<div class=\"elementor-widget-container\">\n\t\t\t\t\t\t\t<p>is a Young Researcher at Ljubljana\u2019s Faculty of Architecture. Primarily studying the urban resilience of Adriatic port cities, his broader research interests lie at the intersection of urban transformations, strategic planning, and citizen participation. He is engaged in various local initiatives, advocating for integrated urban development, and providing support to self-organized local communities.<\/p>\t\t\t\t\t\t<\/div>\n\t\t\t\t<\/div>\n\t\t\t\t<div class=\"elementor-element elementor-element-95cc275 elementor-widget elementor-widget-image\" data-id=\"95cc275\" data-element_type=\"widget\" data-widget_type=\"image.default\">\n\t\t\t\t<div class=\"elementor-widget-container\">\n\t\t\t\t\t\t\t\t\t\t\t\t\t\t\t<img width=\"1024\" height=\"1024\" src=\"https:\/\/www.politicalecology-ljubljana.si\/wp-content\/uploads\/2024\/06\/ca47676c-192f-4956-8997-c4b508a91cfb-1024x1024.png\" class=\"attachment-large size-large\" alt=\"\" loading=\"lazy\" srcset=\"https:\/\/www.politicalecology-ljubljana.si\/wp-content\/uploads\/2024\/06\/ca47676c-192f-4956-8997-c4b508a91cfb-1024x1024.png 1024w, https:\/\/www.politicalecology-ljubljana.si\/wp-content\/uploads\/2024\/06\/ca47676c-192f-4956-8997-c4b508a91cfb-300x300.png 300w, https:\/\/www.politicalecology-ljubljana.si\/wp-content\/uploads\/2024\/06\/ca47676c-192f-4956-8997-c4b508a91cfb-150x150.png 150w, https:\/\/www.politicalecology-ljubljana.si\/wp-content\/uploads\/2024\/06\/ca47676c-192f-4956-8997-c4b508a91cfb-768x768.png 768w, https:\/\/www.politicalecology-ljubljana.si\/wp-content\/uploads\/2024\/06\/ca47676c-192f-4956-8997-c4b508a91cfb-1536x1536.png 1536w, https:\/\/www.politicalecology-ljubljana.si\/wp-content\/uploads\/2024\/06\/ca47676c-192f-4956-8997-c4b508a91cfb-12x12.png 12w, https:\/\/www.politicalecology-ljubljana.si\/wp-content\/uploads\/2024\/06\/ca47676c-192f-4956-8997-c4b508a91cfb.png 1667w\" sizes=\"(max-width: 1024px) 100vw, 1024px\" \/>\t\t\t\t\t\t\t\t\t\t\t\t\t\t\t<\/div>\n\t\t\t\t<\/div>\n\t\t\t\t<div class=\"elementor-element elementor-element-6dcb692 elementor-widget elementor-widget-heading\" data-id=\"6dcb692\" data-element_type=\"widget\" data-widget_type=\"heading.default\">\n\t\t\t\t<div class=\"elementor-widget-container\">\n\t\t\t<h2 class=\"elementor-heading-title elementor-size-default\">Mariano F\u00e9liz<\/h2>\t\t<\/div>\n\t\t\t\t<\/div>\n\t\t\t\t<div class=\"elementor-element elementor-element-09be533 elementor-widget elementor-widget-text-editor\" data-id=\"09be533\" data-element_type=\"widget\" data-widget_type=\"text-editor.default\">\n\t\t\t\t<div class=\"elementor-widget-container\">\n\t\t\t\t\t\t\t<p>holds a PhD in Economics (Universit\u00e9 de Paris XIII\/Nord) and in Social Sciences (Universidad de Buenos Aires, Argentina). He works as a Researcher at the IdIHCS\/CONICET-UNLP, Argentina, and as a Professor at the Department of Sociology (UNLP). He is also fellow del International Research Group on Authoritarianism and Counter-Strategies (IRGAC) in Berlin. His latest publication include the papers \u201cBeyond the Green New Deal? Dependency, racial capitalism and struggles for a radical ecological transition in Argentina\u201d (co-authored with Daiana Mel\u00f3n) and \u201cUnequal exchange and the Marxist theory of dependency. Reclaiming the debate\u201d.<br \/>.<\/p>\t\t\t\t\t\t<\/div>\n\t\t\t\t<\/div>\n\t\t\t\t<div class=\"elementor-element elementor-element-229fef8 elementor-widget elementor-widget-image\" data-id=\"229fef8\" data-element_type=\"widget\" data-widget_type=\"image.default\">\n\t\t\t\t<div class=\"elementor-widget-container\">\n\t\t\t\t\t\t\t\t\t\t\t\t\t\t\t<img width=\"341\" height=\"341\" src=\"https:\/\/www.politicalecology-ljubljana.si\/wp-content\/uploads\/2024\/06\/05b51831-5455-41e6-a11c-0ee7e2ee25b8.png\" class=\"attachment-large size-large\" alt=\"\" loading=\"lazy\" srcset=\"https:\/\/www.politicalecology-ljubljana.si\/wp-content\/uploads\/2024\/06\/05b51831-5455-41e6-a11c-0ee7e2ee25b8.png 341w, https:\/\/www.politicalecology-ljubljana.si\/wp-content\/uploads\/2024\/06\/05b51831-5455-41e6-a11c-0ee7e2ee25b8-300x300.png 300w, https:\/\/www.politicalecology-ljubljana.si\/wp-content\/uploads\/2024\/06\/05b51831-5455-41e6-a11c-0ee7e2ee25b8-150x150.png 150w, https:\/\/www.politicalecology-ljubljana.si\/wp-content\/uploads\/2024\/06\/05b51831-5455-41e6-a11c-0ee7e2ee25b8-12x12.png 12w\" sizes=\"(max-width: 341px) 100vw, 341px\" \/>\t\t\t\t\t\t\t\t\t\t\t\t\t\t\t<\/div>\n\t\t\t\t<\/div>\n\t\t\t\t<div class=\"elementor-element elementor-element-f6b2238 elementor-widget elementor-widget-heading\" data-id=\"f6b2238\" data-element_type=\"widget\" data-widget_type=\"heading.default\">\n\t\t\t\t<div class=\"elementor-widget-container\">\n\t\t\t<h2 class=\"elementor-heading-title elementor-size-default\">Kai Heron<\/h2>\t\t<\/div>\n\t\t\t\t<\/div>\n\t\t\t\t<div class=\"elementor-element elementor-element-b72dc28 elementor-widget elementor-widget-text-editor\" data-id=\"b72dc28\" data-element_type=\"widget\" data-widget_type=\"text-editor.default\">\n\t\t\t\t<div class=\"elementor-widget-container\">\n\t\t\t\t\t\t\t<p>is a Lecturer in Political Ecology and a Co-Director of Abundance, a research and action centre pursuing the expansion of the commons. Kai is a co-editor of the De Gruyter Handbook of Degrowth and co-author of the forthcoming Radical Abundance: How to Win a Green and Democratic Future.<\/p>\t\t\t\t\t\t<\/div>\n\t\t\t\t<\/div>\n\t\t\t\t<div class=\"elementor-element elementor-element-834fc71 elementor-widget elementor-widget-image\" data-id=\"834fc71\" data-element_type=\"widget\" data-widget_type=\"image.default\">\n\t\t\t\t<div class=\"elementor-widget-container\">\n\t\t\t\t\t\t\t\t\t\t\t\t\t\t\t<img width=\"1024\" height=\"1024\" src=\"https:\/\/www.politicalecology-ljubljana.si\/wp-content\/uploads\/2024\/06\/b606a492-361f-48ef-9dc8-d49ab8c83cd5-1024x1024.png\" class=\"attachment-large size-large\" alt=\"\" loading=\"lazy\" srcset=\"https:\/\/www.politicalecology-ljubljana.si\/wp-content\/uploads\/2024\/06\/b606a492-361f-48ef-9dc8-d49ab8c83cd5-1024x1024.png 1024w, https:\/\/www.politicalecology-ljubljana.si\/wp-content\/uploads\/2024\/06\/b606a492-361f-48ef-9dc8-d49ab8c83cd5-300x300.png 300w, https:\/\/www.politicalecology-ljubljana.si\/wp-content\/uploads\/2024\/06\/b606a492-361f-48ef-9dc8-d49ab8c83cd5-150x150.png 150w, https:\/\/www.politicalecology-ljubljana.si\/wp-content\/uploads\/2024\/06\/b606a492-361f-48ef-9dc8-d49ab8c83cd5-768x768.png 768w, https:\/\/www.politicalecology-ljubljana.si\/wp-content\/uploads\/2024\/06\/b606a492-361f-48ef-9dc8-d49ab8c83cd5-1536x1536.png 1536w, https:\/\/www.politicalecology-ljubljana.si\/wp-content\/uploads\/2024\/06\/b606a492-361f-48ef-9dc8-d49ab8c83cd5-12x12.png 12w, https:\/\/www.politicalecology-ljubljana.si\/wp-content\/uploads\/2024\/06\/b606a492-361f-48ef-9dc8-d49ab8c83cd5.png 1920w\" sizes=\"(max-width: 1024px) 100vw, 1024px\" \/>\t\t\t\t\t\t\t\t\t\t\t\t\t\t\t<\/div>\n\t\t\t\t<\/div>\n\t\t\t\t<div class=\"elementor-element elementor-element-b5baf32 elementor-widget elementor-widget-heading\" data-id=\"b5baf32\" data-element_type=\"widget\" data-widget_type=\"heading.default\">\n\t\t\t\t<div class=\"elementor-widget-container\">\n\t\t\t<h2 class=\"elementor-heading-title elementor-size-default\">Danijela Dolenec<\/h2>\t\t<\/div>\n\t\t\t\t<\/div>\n\t\t\t\t<div class=\"elementor-element elementor-element-2d01535 elementor-widget elementor-widget-text-editor\" data-id=\"2d01535\" data-element_type=\"widget\" data-widget_type=\"text-editor.default\">\n\t\t\t\t<div class=\"elementor-widget-container\">\n\t\t\t\t\t\t\t<p>currently serves as Deputy Mayor of Zagreb on behalf of <em>Mo\u017eemo!<\/em>She is Associate Professor at the University of Zagreb. <em>Her book Democratic Institutions and Authoritarian Rule in Southeast Europe (2013), <\/em>received the National Science Award, while her most recent work on social movements and political parties in Southeast Europe has appeared in <em>East European Politics<\/em> and <em>European Journal of\u00a0 Industrial Relations<\/em>. More information on her work is available at www.dolenec.hr<\/p>\t\t\t\t\t\t<\/div>\n\t\t\t\t<\/div>\n\t\t\t\t\t<\/div>\n\t\t<\/div>\n\t\t\t\t\t\t\t<\/div>\n\t\t<\/section>\n\t\t\t\t<section class=\"elementor-section elementor-top-section elementor-element elementor-element-69307740 elementor-section-boxed elementor-section-height-default elementor-section-height-default\" data-id=\"69307740\" data-element_type=\"section\" data-settings=\"{&quot;background_background&quot;:&quot;classic&quot;}\">\n\t\t\t\t\t\t\t<div class=\"elementor-background-overlay\"><\/div>\n\t\t\t\t\t\t\t<div class=\"elementor-container elementor-column-gap-default\">\n\t\t\t\t\t<div class=\"elementor-column elementor-col-100 elementor-top-column elementor-element elementor-element-5421fb15\" data-id=\"5421fb15\" data-element_type=\"column\">\n\t\t\t<div class=\"elementor-widget-wrap elementor-element-populated\">\n\t\t\t\t\t\t\t\t<div class=\"elementor-element elementor-element-6180b63a elementor-widget elementor-widget-heading\" data-id=\"6180b63a\" data-element_type=\"widget\" data-widget_type=\"heading.default\">\n\t\t\t\t<div class=\"elementor-widget-container\">\n\t\t\t<h2 class=\"elementor-heading-title elementor-size-default\">Organizers<\/h2>\t\t<\/div>\n\t\t\t\t<\/div>\n\t\t\t\t\t<\/div>\n\t\t<\/div>\n\t\t\t\t\t\t\t<\/div>\n\t\t<\/section>\n\t\t\t\t<section class=\"elementor-section elementor-top-section elementor-element elementor-element-6242a71 elementor-section-boxed elementor-section-height-default elementor-section-height-default\" data-id=\"6242a71\" data-element_type=\"section\">\n\t\t\t\t\t\t<div class=\"elementor-container elementor-column-gap-default\">\n\t\t\t\t\t<div class=\"elementor-column elementor-col-100 elementor-top-column elementor-element elementor-element-feaf038\" data-id=\"feaf038\" data-element_type=\"column\">\n\t\t\t<div class=\"elementor-widget-wrap\">\n\t\t\t\t\t\t\t\t\t<\/div>\n\t\t<\/div>\n\t\t\t\t\t\t\t<\/div>\n\t\t<\/section>\n\t\t\t\t<section class=\"elementor-section elementor-top-section elementor-element elementor-element-727f795b elementor-hidden-desktop elementor-hidden-tablet elementor-section-boxed elementor-section-height-default elementor-section-height-default\" data-id=\"727f795b\" data-element_type=\"section\" data-settings=\"{&quot;background_background&quot;:&quot;classic&quot;}\">\n\t\t\t\t\t\t<div class=\"elementor-container elementor-column-gap-default\">\n\t\t\t\t\t<div class=\"elementor-column elementor-col-100 elementor-top-column elementor-element elementor-element-f84df70\" data-id=\"f84df70\" data-element_type=\"column\">\n\t\t\t<div class=\"elementor-widget-wrap elementor-element-populated\">\n\t\t\t\t\t\t\t\t<div class=\"elementor-element elementor-element-70fdb334 elementor-widget elementor-widget-image\" data-id=\"70fdb334\" data-element_type=\"widget\" data-widget_type=\"image.default\">\n\t\t\t\t<div class=\"elementor-widget-container\">\n\t\t\t\t\t\t\t\t\t\t\t\t\t\t\t<img width=\"704\" height=\"138\" src=\"https:\/\/www.politicalecology-ljubljana.si\/wp-content\/uploads\/2022\/01\/logoti-n.jpg\" class=\"attachment-large size-large\" alt=\"\" loading=\"lazy\" srcset=\"https:\/\/www.politicalecology-ljubljana.si\/wp-content\/uploads\/2022\/01\/logoti-n.jpg 704w, https:\/\/www.politicalecology-ljubljana.si\/wp-content\/uploads\/2022\/01\/logoti-n-300x59.jpg 300w, https:\/\/www.politicalecology-ljubljana.si\/wp-content\/uploads\/2022\/01\/logoti-n-18x4.jpg 18w\" sizes=\"(max-width: 704px) 100vw, 704px\" \/>\t\t\t\t\t\t\t\t\t\t\t\t\t\t\t<\/div>\n\t\t\t\t<\/div>\n\t\t\t\t<div class=\"elementor-element elementor-element-2ade9ff8 elementor-widget elementor-widget-image\" data-id=\"2ade9ff8\" data-element_type=\"widget\" data-widget_type=\"image.default\">\n\t\t\t\t<div class=\"elementor-widget-container\">\n\t\t\t\t\t\t\t\t\t\t\t\t\t\t\t<img width=\"1024\" height=\"220\" src=\"https:\/\/www.politicalecology-ljubljana.si\/wp-content\/uploads\/2020\/01\/logoti-fdv-ek-\u010dkz-1024x220.png\" class=\"attachment-large size-large\" alt=\"\" loading=\"lazy\" srcset=\"https:\/\/www.politicalecology-ljubljana.si\/wp-content\/uploads\/2020\/01\/logoti-fdv-ek-\u010dkz-1024x220.png 1024w, https:\/\/www.politicalecology-ljubljana.si\/wp-content\/uploads\/2020\/01\/logoti-fdv-ek-\u010dkz-300x64.png 300w, https:\/\/www.politicalecology-ljubljana.si\/wp-content\/uploads\/2020\/01\/logoti-fdv-ek-\u010dkz-768x165.png 768w\" sizes=\"(max-width: 1024px) 100vw, 1024px\" \/>\t\t\t\t\t\t\t\t\t\t\t\t\t\t\t<\/div>\n\t\t\t\t<\/div>\n\t\t\t\t\t<\/div>\n\t\t<\/div>\n\t\t\t\t\t\t\t<\/div>\n\t\t<\/section>\n\t\t\t\t<section class=\"elementor-section elementor-top-section elementor-element elementor-element-7d9b20e3 elementor-section-content-middle elementor-hidden-phone elementor-section-boxed elementor-section-height-default elementor-section-height-default\" data-id=\"7d9b20e3\" data-element_type=\"section\" data-settings=\"{&quot;background_background&quot;:&quot;classic&quot;}\">\n\t\t\t\t\t\t\t<div class=\"elementor-background-overlay\"><\/div>\n\t\t\t\t\t\t\t<div class=\"elementor-container elementor-column-gap-wider\">\n\t\t\t\t\t<div class=\"elementor-column elementor-col-100 elementor-top-column elementor-element elementor-element-61eb1a1e\" data-id=\"61eb1a1e\" data-element_type=\"column\">\n\t\t\t<div class=\"elementor-widget-wrap elementor-element-populated\">\n\t\t\t\t\t\t\t\t<div class=\"elementor-element elementor-element-5adbc485 elementor-widget elementor-widget-image\" data-id=\"5adbc485\" data-element_type=\"widget\" data-widget_type=\"image.default\">\n\t\t\t\t<div class=\"elementor-widget-container\">\n\t\t\t\t\t\t\t\t\t\t\t\t\t\t\t<img width=\"1024\" height=\"141\" src=\"https:\/\/www.politicalecology-ljubljana.si\/wp-content\/uploads\/2022\/01\/vai-n-1024x141.jpg\" class=\"attachment-large size-large\" alt=\"\" loading=\"lazy\" srcset=\"https:\/\/www.politicalecology-ljubljana.si\/wp-content\/uploads\/2022\/01\/vai-n-1024x141.jpg 1024w, https:\/\/www.politicalecology-ljubljana.si\/wp-content\/uploads\/2022\/01\/vai-n-300x41.jpg 300w, https:\/\/www.politicalecology-ljubljana.si\/wp-content\/uploads\/2022\/01\/vai-n-768x106.jpg 768w, https:\/\/www.politicalecology-ljubljana.si\/wp-content\/uploads\/2022\/01\/vai-n-1536x212.jpg 1536w, https:\/\/www.politicalecology-ljubljana.si\/wp-content\/uploads\/2022\/01\/vai-n-2048x282.jpg 2048w, https:\/\/www.politicalecology-ljubljana.si\/wp-content\/uploads\/2022\/01\/vai-n-18x2.jpg 18w\" sizes=\"(max-width: 1024px) 100vw, 1024px\" \/>\t\t\t\t\t\t\t\t\t\t\t\t\t\t\t<\/div>\n\t\t\t\t<\/div>\n\t\t\t\t\t<\/div>\n\t\t<\/div>\n\t\t\t\t\t\t\t<\/div>\n\t\t<\/section>\n\t\t\t\t<section class=\"elementor-section elementor-top-section elementor-element elementor-element-741077e9 elementor-section-boxed elementor-section-height-default elementor-section-height-default\" data-id=\"741077e9\" data-element_type=\"section\" data-settings=\"{&quot;background_background&quot;:&quot;classic&quot;}\">\n\t\t\t\t\t\t\t<div class=\"elementor-background-overlay\"><\/div>\n\t\t\t\t\t\t\t<div class=\"elementor-container elementor-column-gap-default\">\n\t\t\t\t\t<div class=\"elementor-column elementor-col-100 elementor-top-column elementor-element elementor-element-d4129ad\" data-id=\"d4129ad\" data-element_type=\"column\">\n\t\t\t<div class=\"elementor-widget-wrap elementor-element-populated\">\n\t\t\t\t\t\t\t\t<div class=\"elementor-element elementor-element-d4e6243 elementor-widget-divider--view-line elementor-widget elementor-widget-divider\" data-id=\"d4e6243\" data-element_type=\"widget\" data-widget_type=\"divider.default\">\n\t\t\t\t<div class=\"elementor-widget-container\">\n\t\t\t\t\t<div class=\"elementor-divider\">\n\t\t\t<span class=\"elementor-divider-separator\">\n\t\t\t\t\t\t<\/span>\n\t\t<\/div>\n\t\t\t\t<\/div>\n\t\t\t\t<\/div>\n\t\t\t\t\t<\/div>\n\t\t<\/div>\n\t\t\t\t\t\t\t<\/div>\n\t\t<\/section>\n\t\t\t\t<section class=\"elementor-section elementor-top-section elementor-element elementor-element-336960b7 elementor-section-content-middle elementor-section-boxed elementor-section-height-default elementor-section-height-default\" data-id=\"336960b7\" data-element_type=\"section\" data-settings=\"{&quot;background_background&quot;:&quot;classic&quot;}\">\n\t\t\t\t\t\t\t<div class=\"elementor-background-overlay\"><\/div>\n\t\t\t\t\t\t\t<div class=\"elementor-container elementor-column-gap-default\">\n\t\t\t\t\t<div class=\"elementor-column elementor-col-50 elementor-top-column elementor-element elementor-element-3b045c00\" data-id=\"3b045c00\" data-element_type=\"column\">\n\t\t\t<div class=\"elementor-widget-wrap elementor-element-populated\">\n\t\t\t\t\t\t\t\t<div class=\"elementor-element elementor-element-32e056da elementor-widget elementor-widget-heading\" data-id=\"32e056da\" data-element_type=\"widget\" data-widget_type=\"heading.default\">\n\t\t\t\t<div class=\"elementor-widget-container\">\n\t\t\t<h2 class=\"elementor-heading-title elementor-size-default\">Contact<\/h2>\t\t<\/div>\n\t\t\t\t<\/div>\n\t\t\t\t<div class=\"elementor-element elementor-element-24e12f66 elementor-align-left elementor-icon-list--layout-traditional elementor-list-item-link-full_width elementor-widget elementor-widget-icon-list\" data-id=\"24e12f66\" data-element_type=\"widget\" data-widget_type=\"icon-list.default\">\n\t\t\t\t<div class=\"elementor-widget-container\">\n\t\t\t\t\t<ul class=\"elementor-icon-list-items\">\n\t\t\t\t\t\t\t<li class=\"elementor-icon-list-item\">\n\t\t\t\t\t\t\t\t\t\t\t<span class=\"elementor-icon-list-icon\">\n\t\t\t\t\t\t\t<i aria-hidden=\"true\" class=\"fas fa-envelope\"><\/i>\t\t\t\t\t\t<\/span>\n\t\t\t\t\t\t\t\t\t\t<span class=\"elementor-icon-list-text\">info@politicalecology-ljubljana.si<\/span>\n\t\t\t\t\t\t\t\t\t<\/li>\n\t\t\t\t\t\t<\/ul>\n\t\t\t\t<\/div>\n\t\t\t\t<\/div>\n\t\t\t\t<div class=\"elementor-element elementor-element-49ccc1c4 elementor-widget elementor-widget-heading\" data-id=\"49ccc1c4\" data-element_type=\"widget\" data-widget_type=\"heading.default\">\n\t\t\t\t<div class=\"elementor-widget-container\">\n\t\t\t<h2 class=\"elementor-heading-title elementor-size-default\">Links<\/h2>\t\t<\/div>\n\t\t\t\t<\/div>\n\t\t\t\t<div class=\"elementor-element elementor-element-7662d789 elementor-align-left elementor-icon-list--layout-traditional elementor-list-item-link-full_width elementor-widget elementor-widget-icon-list\" data-id=\"7662d789\" data-element_type=\"widget\" data-widget_type=\"icon-list.default\">\n\t\t\t\t<div class=\"elementor-widget-container\">\n\t\t\t\t\t<ul class=\"elementor-icon-list-items\">\n\t\t\t\t\t\t\t<li class=\"elementor-icon-list-item\">\n\t\t\t\t\t\t\t\t\t\t\t<a href=\"https:\/\/www.facebook.com\/events\/204545410166385\/\" target=\"_blank\">\n\n\t\t\t\t\t\t\t\t\t\t\t\t<span class=\"elementor-icon-list-icon\">\n\t\t\t\t\t\t\t<i aria-hidden=\"true\" class=\"fab fa-facebook-square\"><\/i>\t\t\t\t\t\t<\/span>\n\t\t\t\t\t\t\t\t\t\t<span class=\"elementor-icon-list-text\">Mednarodna poletna \u0161ola politi\u010dne ekologije\u200b<\/span>\n\t\t\t\t\t\t\t\t\t\t\t<\/a>\n\t\t\t\t\t\t\t\t\t<\/li>\n\t\t\t\t\t\t\t\t<li class=\"elementor-icon-list-item\">\n\t\t\t\t\t\t\t\t\t\t\t<a href=\"https:\/\/www.facebook.com\/hashtag\/pelj2018\" target=\"_blank\">\n\n\t\t\t\t\t\t\t\t\t\t\t\t<span class=\"elementor-icon-list-icon\">\n\t\t\t\t\t\t\t<i aria-hidden=\"true\" class=\"fas fa-hashtag\"><\/i>\t\t\t\t\t\t<\/span>\n\t\t\t\t\t\t\t\t\t\t<span class=\"elementor-icon-list-text\">pelj2020<\/span>\n\t\t\t\t\t\t\t\t\t\t\t<\/a>\n\t\t\t\t\t\t\t\t\t<\/li>\n\t\t\t\t\t\t<\/ul>\n\t\t\t\t<\/div>\n\t\t\t\t<\/div>\n\t\t\t\t\t<\/div>\n\t\t<\/div>\n\t\t\t\t<div class=\"elementor-column elementor-col-50 elementor-top-column elementor-element elementor-element-1484c1f3\" data-id=\"1484c1f3\" data-element_type=\"column\">\n\t\t\t<div class=\"elementor-widget-wrap elementor-element-populated\">\n\t\t\t\t\t\t\t\t<div class=\"elementor-element elementor-element-6e3439e elementor-widget elementor-widget-heading\" data-id=\"6e3439e\" data-element_type=\"widget\" data-widget_type=\"heading.default\">\n\t\t\t\t<div class=\"elementor-widget-container\">\n\t\t\t<h2 class=\"elementor-heading-title elementor-size-default\">Co-funders<\/h2>\t\t<\/div>\n\t\t\t\t<\/div>\n\t\t\t\t<div class=\"elementor-element elementor-element-27b73643 elementor-hidden-phone elementor-widget elementor-widget-image\" data-id=\"27b73643\" data-element_type=\"widget\" data-widget_type=\"image.default\">\n\t\t\t\t<div class=\"elementor-widget-container\">\n\t\t\t\t\t\t\t\t\t\t\t\t\t\t\t<img width=\"1001\" height=\"107\" src=\"https:\/\/www.politicalecology-ljubljana.si\/wp-content\/uploads\/2020\/02\/financerji-1.png\" class=\"attachment-large size-large\" alt=\"\" loading=\"lazy\" srcset=\"https:\/\/www.politicalecology-ljubljana.si\/wp-content\/uploads\/2020\/02\/financerji-1.png 1001w, https:\/\/www.politicalecology-ljubljana.si\/wp-content\/uploads\/2020\/02\/financerji-1-300x32.png 300w, https:\/\/www.politicalecology-ljubljana.si\/wp-content\/uploads\/2020\/02\/financerji-1-768x82.png 768w\" sizes=\"(max-width: 1001px) 100vw, 1001px\" \/>\t\t\t\t\t\t\t\t\t\t\t\t\t\t\t<\/div>\n\t\t\t\t<\/div>\n\t\t\t\t<div class=\"elementor-element elementor-element-15523364 elementor-hidden-desktop elementor-hidden-tablet elementor-widget elementor-widget-image\" data-id=\"15523364\" data-element_type=\"widget\" data-widget_type=\"image.default\">\n\t\t\t\t<div class=\"elementor-widget-container\">\n\t\t\t\t\t\t\t\t\t\t\t\t\t\t\t<img width=\"1001\" height=\"107\" src=\"https:\/\/www.politicalecology-ljubljana.si\/wp-content\/uploads\/2020\/02\/financerji-1.png\" class=\"attachment-large size-large\" alt=\"\" loading=\"lazy\" srcset=\"https:\/\/www.politicalecology-ljubljana.si\/wp-content\/uploads\/2020\/02\/financerji-1.png 1001w, https:\/\/www.politicalecology-ljubljana.si\/wp-content\/uploads\/2020\/02\/financerji-1-300x32.png 300w, https:\/\/www.politicalecology-ljubljana.si\/wp-content\/uploads\/2020\/02\/financerji-1-768x82.png 768w\" sizes=\"(max-width: 1001px) 100vw, 1001px\" \/>\t\t\t\t\t\t\t\t\t\t\t\t\t\t\t<\/div>\n\t\t\t\t<\/div>\n\t\t\t\t<div class=\"elementor-element elementor-element-68a72c98 elementor-widget elementor-widget-text-editor\" data-id=\"68a72c98\" data-element_type=\"widget\" data-widget_type=\"text-editor.default\">\n\t\t\t\t<div class=\"elementor-widget-container\">\n\t\t\t\t\t\t\t<p>LIFE IP CARE4CLIMATE (LIFE17 IPC\/SI\/000007) is an integrated project, financed by the European Comission's LIFE Programme, the Slovenian Climate Fund and partners' own contributions.<\/p><p>The opinions expressed in this document are those of the author(s) only and should not be considered as representative of the European Union's official position.<\/p>\t\t\t\t\t\t<\/div>\n\t\t\t\t<\/div>\n\t\t\t\t\t<\/div>\n\t\t<\/div>\n\t\t\t\t\t\t\t<\/div>\n\t\t<\/section>\n\t\t\t\t\t\t<\/div>\n\t\t\t\t\t<\/div>","protected":false},"excerpt":{"rendered":"<p>PRAVI\u010cNI ZELENI PREHOD: MED JAVNIM, ZASEBNIM IN SKUPNOSTNIM Ponedeljek 1.7. POGLEDI 8:00 &#8211; 9:00 Registracija 9:00 &#8211; 9:30 Otvoritev in uvodni nagovori 9:30 &#8211; 11:00 Predavanje: Gareth Dale Kaj je zeleni prehod, zakaj poteka tako po\u010dasi, kdo stoji za nasprotovanjem in kaj naj sploh storimo? Predavanje se za\u010dne s kriti\u010dnim pregledom glavnih opisov zelenega prehoda: [&hellip;]<\/p>","protected":false},"author":1,"featured_media":2268,"parent":0,"menu_order":0,"comment_status":"closed","ping_status":"closed","template":"elementor_header_footer","meta":[],"yoast_head":"<!-- This site is optimized with the Yoast SEO plugin v18.1 - https:\/\/yoast.com\/wordpress\/plugins\/seo\/ -->\n<title>Program 2024 &mdash; Mednarodna poletna \u0161ola politi\u010dne ekologije<\/title>\n<meta name=\"description\" content=\"Program Mednarodne \u0161ole politi\u010dne ekologije 2024, ki bo potekala med 1. in 5. julijem\" \/>\n<meta name=\"robots\" content=\"index, follow, max-snippet:-1, max-image-preview:large, max-video-preview:-1\" \/>\n<link rel=\"canonical\" href=\"https:\/\/www.politicalecology-ljubljana.si\/en\/program-2024\/\" \/>\n<meta property=\"og:locale\" content=\"en_GB\" \/>\n<meta property=\"og:type\" content=\"article\" \/>\n<meta property=\"og:title\" content=\"Program 2024 &mdash; Mednarodna poletna \u0161ola politi\u010dne ekologije\" \/>\n<meta property=\"og:description\" content=\"Program Mednarodne \u0161ole politi\u010dne ekologije 2024, ki bo potekala med 1. in 5. julijem\" \/>\n<meta property=\"og:url\" content=\"https:\/\/www.politicalecology-ljubljana.si\/en\/program-2024\/\" \/>\n<meta property=\"og:site_name\" content=\"Mednarodna poletna \u0161ola politi\u010dne ekologije\" \/>\n<meta property=\"article:modified_time\" content=\"2024-07-03T12:09:15+00:00\" \/>\n<meta property=\"og:image\" content=\"https:\/\/www.politicalecology-ljubljana.si\/wp-content\/uploads\/2020\/02\/head2.png\" \/>\n\t<meta property=\"og:image:width\" content=\"1679\" \/>\n\t<meta property=\"og:image:height\" content=\"1191\" \/>\n\t<meta property=\"og:image:type\" content=\"image\/png\" \/>\n<meta name=\"twitter:card\" content=\"summary_large_image\" \/>\n<meta name=\"twitter:label1\" content=\"Estimated reading time\" \/>\n\t<meta name=\"twitter:data1\" content=\"23 minutes\" \/>\n<script type=\"application\/ld+json\" class=\"yoast-schema-graph\">{\"@context\":\"https:\/\/schema.org\",\"@graph\":[{\"@type\":\"Organization\",\"@id\":\"https:\/\/www.politicalecology-ljubljana.si\/#organization\",\"name\":\"Mednarodna poletna \u0161ola politi\u010dne ekologije\",\"url\":\"https:\/\/www.politicalecology-ljubljana.si\/\",\"sameAs\":[],\"logo\":{\"@type\":\"ImageObject\",\"@id\":\"https:\/\/www.politicalecology-ljubljana.si\/#logo\",\"inLanguage\":\"en-GB\",\"url\":\"https:\/\/www.politicalecology-ljubljana.si\/wp-content\/uploads\/2020\/02\/head2.png\",\"contentUrl\":\"https:\/\/www.politicalecology-ljubljana.si\/wp-content\/uploads\/2020\/02\/head2.png\",\"width\":1679,\"height\":1191,\"caption\":\"Mednarodna poletna \u0161ola politi\u010dne ekologije\"},\"image\":{\"@id\":\"https:\/\/www.politicalecology-ljubljana.si\/#logo\"}},{\"@type\":\"WebSite\",\"@id\":\"https:\/\/www.politicalecology-ljubljana.si\/#website\",\"url\":\"https:\/\/www.politicalecology-ljubljana.si\/\",\"name\":\"Mednarodna poletna \u0161ola politi\u010dne ekologije\",\"description\":\"MEDNARODNA POLETNA \u0160OLA POLITI\u010cNE EKOLOGIJE\",\"publisher\":{\"@id\":\"https:\/\/www.politicalecology-ljubljana.si\/#organization\"},\"potentialAction\":[{\"@type\":\"SearchAction\",\"target\":{\"@type\":\"EntryPoint\",\"urlTemplate\":\"https:\/\/www.politicalecology-ljubljana.si\/?s={search_term_string}\"},\"query-input\":\"required name=search_term_string\"}],\"inLanguage\":\"en-GB\"},{\"@type\":\"ImageObject\",\"@id\":\"https:\/\/www.politicalecology-ljubljana.si\/program-2024\/#primaryimage\",\"inLanguage\":\"en-GB\",\"url\":\"https:\/\/www.politicalecology-ljubljana.si\/wp-content\/uploads\/2020\/02\/head2.png\",\"contentUrl\":\"https:\/\/www.politicalecology-ljubljana.si\/wp-content\/uploads\/2020\/02\/head2.png\",\"width\":1679,\"height\":1191},{\"@type\":\"WebPage\",\"@id\":\"https:\/\/www.politicalecology-ljubljana.si\/program-2024\/#webpage\",\"url\":\"https:\/\/www.politicalecology-ljubljana.si\/program-2024\/\",\"name\":\"Program 2024 &mdash; Mednarodna poletna \u0161ola politi\u010dne ekologije\",\"isPartOf\":{\"@id\":\"https:\/\/www.politicalecology-ljubljana.si\/#website\"},\"primaryImageOfPage\":{\"@id\":\"https:\/\/www.politicalecology-ljubljana.si\/program-2024\/#primaryimage\"},\"datePublished\":\"2024-04-17T12:31:43+00:00\",\"dateModified\":\"2024-07-03T12:09:15+00:00\",\"description\":\"Program Mednarodne \u0161ole politi\u010dne ekologije 2024, ki bo potekala med 1. in 5. julijem\",\"breadcrumb\":{\"@id\":\"https:\/\/www.politicalecology-ljubljana.si\/program-2024\/#breadcrumb\"},\"inLanguage\":\"en-GB\",\"potentialAction\":[{\"@type\":\"ReadAction\",\"target\":[\"https:\/\/www.politicalecology-ljubljana.si\/program-2024\/\"]}]},{\"@type\":\"BreadcrumbList\",\"@id\":\"https:\/\/www.politicalecology-ljubljana.si\/program-2024\/#breadcrumb\",\"itemListElement\":[{\"@type\":\"ListItem\",\"position\":1,\"name\":\"Home\",\"item\":\"https:\/\/www.politicalecology-ljubljana.si\/\"},{\"@type\":\"ListItem\",\"position\":2,\"name\":\"Program 2024\"}]}]}<\/script>\n<!-- \/ Yoast SEO plugin. -->","yoast_head_json":{"title":"Program 2024 &mdash; Mednarodna poletna \u0161ola politi\u010dne ekologije","description":"Program Mednarodne \u0161ole politi\u010dne ekologije 2024, ki bo potekala med 1. in 5. julijem","robots":{"index":"index","follow":"follow","max-snippet":"max-snippet:-1","max-image-preview":"max-image-preview:large","max-video-preview":"max-video-preview:-1"},"canonical":"https:\/\/www.politicalecology-ljubljana.si\/en\/program-2024\/","og_locale":"en_GB","og_type":"article","og_title":"Program 2024 &mdash; Mednarodna poletna \u0161ola politi\u010dne ekologije","og_description":"Program Mednarodne \u0161ole politi\u010dne ekologije 2024, ki bo potekala med 1. in 5. julijem","og_url":"https:\/\/www.politicalecology-ljubljana.si\/en\/program-2024\/","og_site_name":"Mednarodna poletna \u0161ola politi\u010dne ekologije","article_modified_time":"2024-07-03T12:09:15+00:00","og_image":[{"width":1679,"height":1191,"url":"https:\/\/www.politicalecology-ljubljana.si\/wp-content\/uploads\/2020\/02\/head2.png","type":"image\/png"}],"twitter_card":"summary_large_image","twitter_misc":{"Estimated reading time":"23 minutes"},"schema":{"@context":"https:\/\/schema.org","@graph":[{"@type":"Organization","@id":"https:\/\/www.politicalecology-ljubljana.si\/#organization","name":"Mednarodna poletna \u0161ola politi\u010dne ekologije","url":"https:\/\/www.politicalecology-ljubljana.si\/","sameAs":[],"logo":{"@type":"ImageObject","@id":"https:\/\/www.politicalecology-ljubljana.si\/#logo","inLanguage":"en-GB","url":"https:\/\/www.politicalecology-ljubljana.si\/wp-content\/uploads\/2020\/02\/head2.png","contentUrl":"https:\/\/www.politicalecology-ljubljana.si\/wp-content\/uploads\/2020\/02\/head2.png","width":1679,"height":1191,"caption":"Mednarodna poletna \u0161ola politi\u010dne ekologije"},"image":{"@id":"https:\/\/www.politicalecology-ljubljana.si\/#logo"}},{"@type":"WebSite","@id":"https:\/\/www.politicalecology-ljubljana.si\/#website","url":"https:\/\/www.politicalecology-ljubljana.si\/","name":"Mednarodna poletna \u0161ola politi\u010dne ekologije","description":"MEDNARODNA POLETNA \u0160OLA POLITI\u010cNE EKOLOGIJE","publisher":{"@id":"https:\/\/www.politicalecology-ljubljana.si\/#organization"},"potentialAction":[{"@type":"SearchAction","target":{"@type":"EntryPoint","urlTemplate":"https:\/\/www.politicalecology-ljubljana.si\/?s={search_term_string}"},"query-input":"required name=search_term_string"}],"inLanguage":"en-GB"},{"@type":"ImageObject","@id":"https:\/\/www.politicalecology-ljubljana.si\/program-2024\/#primaryimage","inLanguage":"en-GB","url":"https:\/\/www.politicalecology-ljubljana.si\/wp-content\/uploads\/2020\/02\/head2.png","contentUrl":"https:\/\/www.politicalecology-ljubljana.si\/wp-content\/uploads\/2020\/02\/head2.png","width":1679,"height":1191},{"@type":"WebPage","@id":"https:\/\/www.politicalecology-ljubljana.si\/program-2024\/#webpage","url":"https:\/\/www.politicalecology-ljubljana.si\/program-2024\/","name":"Program 2024 &mdash; Mednarodna poletna \u0161ola politi\u010dne ekologije","isPartOf":{"@id":"https:\/\/www.politicalecology-ljubljana.si\/#website"},"primaryImageOfPage":{"@id":"https:\/\/www.politicalecology-ljubljana.si\/program-2024\/#primaryimage"},"datePublished":"2024-04-17T12:31:43+00:00","dateModified":"2024-07-03T12:09:15+00:00","description":"Program Mednarodne \u0161ole politi\u010dne ekologije 2024, ki bo potekala med 1. in 5. julijem","breadcrumb":{"@id":"https:\/\/www.politicalecology-ljubljana.si\/program-2024\/#breadcrumb"},"inLanguage":"en-GB","potentialAction":[{"@type":"ReadAction","target":["https:\/\/www.politicalecology-ljubljana.si\/program-2024\/"]}]},{"@type":"BreadcrumbList","@id":"https:\/\/www.politicalecology-ljubljana.si\/program-2024\/#breadcrumb","itemListElement":[{"@type":"ListItem","position":1,"name":"Home","item":"https:\/\/www.politicalecology-ljubljana.si\/"},{"@type":"ListItem","position":2,"name":"Program 2024"}]}]}},"_links":{"self":[{"href":"https:\/\/www.politicalecology-ljubljana.si\/en\/wp-json\/wp\/v2\/pages\/4015"}],"collection":[{"href":"https:\/\/www.politicalecology-ljubljana.si\/en\/wp-json\/wp\/v2\/pages"}],"about":[{"href":"https:\/\/www.politicalecology-ljubljana.si\/en\/wp-json\/wp\/v2\/types\/page"}],"author":[{"embeddable":true,"href":"https:\/\/www.politicalecology-ljubljana.si\/en\/wp-json\/wp\/v2\/users\/1"}],"replies":[{"embeddable":true,"href":"https:\/\/www.politicalecology-ljubljana.si\/en\/wp-json\/wp\/v2\/comments?post=4015"}],"version-history":[{"count":253,"href":"https:\/\/www.politicalecology-ljubljana.si\/en\/wp-json\/wp\/v2\/pages\/4015\/revisions"}],"predecessor-version":[{"id":4336,"href":"https:\/\/www.politicalecology-ljubljana.si\/en\/wp-json\/wp\/v2\/pages\/4015\/revisions\/4336"}],"wp:featuredmedia":[{"embeddable":true,"href":"https:\/\/www.politicalecology-ljubljana.si\/en\/wp-json\/wp\/v2\/media\/2268"}],"wp:attachment":[{"href":"https:\/\/www.politicalecology-ljubljana.si\/en\/wp-json\/wp\/v2\/media?parent=4015"}],"curies":[{"name":"wp","href":"https:\/\/api.w.org\/{rel}","templated":true}]}}